{"id":29531,"date":"2021-11-11T08:44:54","date_gmt":"2021-11-11T07:44:54","guid":{"rendered":"https:\/\/www.kamra.si\/?page_id=29531"},"modified":"2023-01-23T19:10:09","modified_gmt":"2023-01-23T18:10:09","slug":"cose-kamra","status":"publish","type":"page","link":"https:\/\/www.kamra.si\/it\/cose-kamra\/","title":{"rendered":"Cos\u2019\u00e8 Kamra"},"content":{"rendered":"\t\t<div data-elementor-type=\"wp-page\" data-elementor-id=\"29531\" class=\"elementor elementor-29531 elementor-717\" data-elementor-post-type=\"page\">\n\t\t\t\t\t\t<section class=\"elementor-section elementor-top-section elementor-element elementor-element-6763e5a3 elementor-section-boxed elementor-section-height-default elementor-section-height-default\" data-id=\"6763e5a3\" data-element_type=\"section\" data-e-type=\"section\">\n\t\t\t\t\t\t<div class=\"elementor-container elementor-column-gap-default\">\n\t\t\t\t\t<div class=\"elementor-column elementor-col-100 elementor-top-column elementor-element elementor-element-1f0cd735\" data-id=\"1f0cd735\" data-element_type=\"column\" data-e-type=\"column\">\n\t\t\t<div class=\"elementor-widget-wrap elementor-element-populated\">\n\t\t\t\t\t\t<div class=\"elementor-element elementor-element-3670fd11 elementor-widget elementor-widget-text-editor\" data-id=\"3670fd11\" data-element_type=\"widget\" data-e-type=\"widget\" data-widget_type=\"text-editor.default\">\n\t\t\t\t<div class=\"elementor-widget-container\">\n\t\t\t\t\t\t\t\t\t<p style=\"margin-bottom: 8.0pt;\"><span style=\"font-size: 12.5pt; font-family: Arial, sans-serif;\">Il portale regionale Kamra&nbsp;<\/span><span style=\"font-size: 12.5pt; font-family: Arial, sans-serif; color: black; padding: 0cm; border: 1pt none windowtext;\">\u00e8<\/span><span style=\"font-size: 12.5pt; font-family: Arial, sans-serif;\">&nbsp;un sito web, che raccoglie i contenuti digitalizzati di storia patria presenti nelle biblioteche e gli altri enti culturali del territorio. I contenuti digitali sono&nbsp;cos\u00ec&nbsp;accessibili da un posto unico e sono creati dalle organizzazioni&nbsp;pi\u00f9&nbsp;competenti<br>nel proprio settore.&nbsp;<\/span><\/p>\n<p style=\"margin-bottom: 8.0pt; background-image: initial; background-position: initial; background-size: initial; background-repeat: initial; background-origin: initial; background-clip: initial;\"><span style=\"font-size: 12.5pt; font-family: Arial, sans-serif;\">Kamra offre gratuitamente l&#8217;infrastruttura necessaria e abilita nuovi partner.&nbsp;<\/span><\/p>\n<p style=\"margin-bottom: 8.0pt; background-image: initial; background-position: initial; background-size: initial; background-repeat: initial; background-origin: initial; background-clip: initial;\"><span style=\"font-size: 12.5pt; font-family: Arial, sans-serif;\">I contenuti di Kamra sono presentati come storie-racconti muniti di didascalie, metadata e documenti digitali.&nbsp;<\/span><\/p>\n<p style=\"margin-bottom: 8.0pt; background-image: initial; background-position: initial; background-size: initial; background-repeat: initial; background-origin: initial; background-clip: initial;\"><span style=\"font-size: 12.5pt; font-family: Arial, sans-serif;\">Kamra ci fa conoscere le storie caratteristiche di un luogo o regione, come ad es.: presentazioni di autori locali o personaggi famosi, documenti e fotografie di&nbsp;societ\u00e0&nbsp;locali, cartoline d&#8217;epoca, opere di artisti locali, le loro biografie, cataloghi di mostre, i palazzi&nbsp;pi\u00f9&nbsp;belli, storie di personaggi illustri e tante altre cose.&nbsp;<\/span><\/p>\n<p style=\"margin-bottom: 8.0pt; background-image: initial; background-position: initial; background-size: initial; background-repeat: initial; background-origin: initial; background-clip: initial;\"><span style=\"font-size: 12.5pt; font-family: Arial, sans-serif;\">Gli utenti possono&nbsp;cos\u00ec&nbsp;accedere a contenuti che finora erano nascosti nei depositi di biblioteche, archivi e musei,&nbsp;societ\u00e0&nbsp;o tra gli scaffali degli archivi scolastici. Gli utenti possono commentare e gestire a proprio piacimento le raccolte e i contenuti.&nbsp;<\/span><\/p>\n<p style=\"margin-bottom: 8.0pt; background-image: initial; background-position: initial; background-size: initial; background-repeat: initial; background-origin: initial; background-clip: initial;\"><span style=\"font-size: 12.5pt; font-family: Arial, sans-serif;\">Il portale Kamra&nbsp;\u00e8&nbsp;gestito dalla biblioteca Osrednja knji\u017enica Celje in stretta collaborazione&nbsp;con le&nbsp;altre biblioteche regionali slovene, dove si trovano le redazioni regionali, e l&#8217;associazione Zdru\u017eenje splo\u0161nih knji\u017enic.&nbsp;<\/span><\/p>\n<p><span style=\"font-family: Arial, sans-serif; font-size: 12.5pt; font-style: inherit;\">Dal 2010 ai contenuti del portale Kamra si&nbsp;<\/span><span style=\"font-family: Arial, sans-serif; font-size: 12.5pt; font-style: inherit;\">pu\u00f2<\/span><span style=\"font-family: Arial, sans-serif; font-size: 12.5pt; font-style: inherit;\">&nbsp;accedere anche attraverso la biblioteca digitale europea Europeana<\/span><span style=\"font-size: 16.8px; font-style: inherit;\">,&nbsp;<\/span><a style=\"font-size: 16.8px; font-style: inherit;\" href=\"http:\/\/europeana.eu\/\" target=\"_blank\" rel=\"noopener\">http:\/\/europeana.eu<\/a><span style=\"font-size: 16.8px; font-style: inherit;\">.<\/span><\/p>\n<h2>Come contribuire<\/h2>\n<p>Le organizzazioni o singoli che desiderano pubblicare le loro raccolte su Kamra devono seguire i seguenti passi:<\/p>\n<ol>\n<li>Nell&#8217;elenco dei contatti cercate il proprio redattore regionale.<\/li>\n<li><span style=\"font-variant-numeric: normal; font-variant-east-asian: normal; font-stretch: normal; font-size: 7pt; line-height: normal; font-family: 'Times New Roman';\">&nbsp;<\/span><span style=\"text-indent: -18pt; font-style: inherit; font-size: 12.5pt; font-family: Arial, sans-serif;\">Il&nbsp;<\/span>redattore regionale&nbsp;<span style=\"font-family: Arial, sans-serif; font-size: 12.5pt; text-indent: -18pt; font-style: inherit;\">controller\u00e0<\/span><span style=\"font-family: Arial, sans-serif; font-size: 12.5pt; text-indent: -18pt; font-style: inherit;\">&nbsp;se&nbsp;<\/span>il materiale&nbsp;<span style=\"font-family: Arial, sans-serif; font-size: 12.5pt; text-indent: -18pt; font-style: inherit;\">\u00e8<\/span><span style=\"font-family: Arial, sans-serif; font-size: 12.5pt; text-indent: -18pt; font-style: inherit;\">&nbsp;adatto&nbsp;<\/span>ad essere pubblicato su Kamra. Se il materiale non&nbsp;<span style=\"font-family: Arial, sans-serif; font-size: 12.5pt; text-indent: -18pt; font-style: inherit;\">\u00e8<\/span><span style=\"font-family: Arial, sans-serif; font-size: 12.5pt; text-indent: -18pt; font-style: inherit;\">&nbsp;digitalizzato&nbsp;<\/span>vi&nbsp;<span style=\"font-family: Arial, sans-serif; font-size: 12.5pt; text-indent: -18pt; font-style: inherit;\">consiglier\u00e0&nbsp;<\/span><span style=\"font-family: Arial, sans-serif; font-size: 12.5pt; text-indent: -18pt; font-style: inherit;\">come&nbsp;<\/span>digitalizzarlo. In alcuni casi&nbsp;<span style=\"font-family: Arial, sans-serif; font-size: 12.5pt; text-indent: -18pt; font-style: inherit;\">\u00e8<\/span><span style=\"font-family: Arial, sans-serif; font-size: 12.5pt; text-indent: -18pt; font-style: inherit;\">&nbsp;possibile&nbsp;<\/span>digitalizzare il materiale direttamente in biblioteca. Riceverete il manuale per la pubblicazione dei contenuti su Kamra.&nbsp;<\/li>\n<li>Preparate i testi base del racconto da pubblicare&nbsp;<span style=\"font-size: 12.5pt; font-family: Arial, sans-serif;\">nonch\u00e9<\/span>&nbsp;gli elementi mutimediali con i metadata.<\/li>\n<li>Sottoscrivete il&nbsp;<a href=\"\/wp-content\/uploads\/kamra-custom\/documents\/Dogovor_o_sodelovanju_Kamra.doc\">\u00bbContratto per l&#8217;inserimento dei contenuti nel portale KAMRA\u00ab<\/a>&nbsp;con la biblioteca Osrednja knji\u017enica Celje.<\/li>\n<li>Se inserirete i contenuti da soli, il&nbsp;<span style=\"font-family: Arial, sans-serif; font-size: 12.5pt; text-indent: -18pt; font-style: inherit;\">redattore<\/span><span style=\"font-family: Arial, sans-serif; font-size: 12.5pt; text-indent: -18pt; font-style: inherit;\">&nbsp;regionale&nbsp;<\/span>vi&nbsp;<span style=\"font-family: Arial, sans-serif; font-size: 12.5pt; text-indent: -18pt; font-style: inherit;\">abiliter\u00e0<\/span><span style=\"font-family: Arial, sans-serif; font-size: 12.5pt; text-indent: -18pt; font-style: inherit;\">&nbsp;a&nbsp;<\/span>farlo e vi&nbsp;<span style=\"font-family: Arial, sans-serif; font-size: 12.5pt; text-indent: -18pt; font-style: inherit;\">assegner\u00e0<\/span><span style=\"font-family: Arial, sans-serif; font-size: 12.5pt; text-indent: -18pt; font-style: inherit;\">&nbsp;una&nbsp;<\/span>password per accedere alla parte amministrativa. Previo accordo, l&#8217;inserimento dei contenuti&nbsp;<span style=\"font-family: Arial, sans-serif; font-size: 12.5pt; text-indent: -18pt; font-style: inherit;\">pu\u00f2<\/span><span style=\"font-family: Arial, sans-serif; font-size: 12.5pt; text-indent: -18pt; font-style: inherit;\">&nbsp;essere&nbsp;<\/span>fatto anche dalla biblioteca regionale.&nbsp;<\/li>\n<\/ol>\t\t\t\t\t\t\t\t<\/div>\n\t\t\t\t<\/div>\n\t\t\t\t<div class=\"elementor-element elementor-element-2271110 elementor-widget elementor-widget-heading\" data-id=\"2271110\" data-element_type=\"widget\" data-e-type=\"widget\" data-widget_type=\"heading.default\">\n\t\t\t\t<div class=\"elementor-widget-container\">\n\t\t\t\t\t<h2 class=\"elementor-heading-title elementor-size-default\">DOMANDE FREQUENTI<\/h2>\t\t\t\t<\/div>\n\t\t\t\t<\/div>\n\t\t\t\t<div class=\"elementor-element elementor-element-9a36641 elementor-widget elementor-widget-toggle\" data-id=\"9a36641\" data-element_type=\"widget\" data-e-type=\"widget\" data-widget_type=\"toggle.default\">\n\t\t\t\t<div class=\"elementor-widget-container\">\n\t\t\t\t\t\t\t<div class=\"elementor-toggle\">\n\t\t\t\t\t\t\t<div class=\"elementor-toggle-item\">\n\t\t\t\t\t<div id=\"elementor-tab-title-1611\" class=\"elementor-tab-title\" data-tab=\"1\" role=\"button\" aria-controls=\"elementor-tab-content-1611\" aria-expanded=\"false\">\n\t\t\t\t\t\t\t\t\t\t\t\t<span class=\"elementor-toggle-icon elementor-toggle-icon-left\" aria-hidden=\"true\">\n\t\t\t\t\t\t\t\t\t\t\t\t\t\t\t<span class=\"elementor-toggle-icon-closed\"><i class=\"fas fa-caret-right\"><\/i><\/span>\n\t\t\t\t\t\t\t\t<span class=\"elementor-toggle-icon-opened\"><i class=\"elementor-toggle-icon-opened fas fa-caret-up\"><\/i><\/span>\n\t\t\t\t\t\t\t\t\t\t\t\t\t<\/span>\n\t\t\t\t\t\t\t\t\t\t\t\t<a class=\"elementor-toggle-title\" tabindex=\"0\">Cos'e il portale Kamra?<\/a>\n\t\t\t\t\t<\/div>\n\n\t\t\t\t\t<div id=\"elementor-tab-content-1611\" class=\"elementor-tab-content elementor-clearfix\" data-tab=\"1\" role=\"region\" aria-labelledby=\"elementor-tab-title-1611\"><p>Kamra e un portale regionale web, che raccoglie i contenuti digitalizzati di storia patria presenti nelle biblioteche e negli altri enti locali culturali. I contenuti digitali sono cosi accessibili da un posto soltanto ma sono creati in organizzazioni che sono le piu competenti per il proprio settore.<br \/>Kamra da a loro gratuita disposizione l&#8217;infrastruttura necessaria e abilita nuovi partner che saranno in grado di presentare anche in forma digitale i contenuti locali su internet.<\/p><\/div>\n\t\t\t\t<\/div>\n\t\t\t\t\t\t\t<div class=\"elementor-toggle-item\">\n\t\t\t\t\t<div id=\"elementor-tab-title-1612\" class=\"elementor-tab-title\" data-tab=\"2\" role=\"button\" aria-controls=\"elementor-tab-content-1612\" aria-expanded=\"false\">\n\t\t\t\t\t\t\t\t\t\t\t\t<span class=\"elementor-toggle-icon elementor-toggle-icon-left\" aria-hidden=\"true\">\n\t\t\t\t\t\t\t\t\t\t\t\t\t\t\t<span class=\"elementor-toggle-icon-closed\"><i class=\"fas fa-caret-right\"><\/i><\/span>\n\t\t\t\t\t\t\t\t<span class=\"elementor-toggle-icon-opened\"><i class=\"elementor-toggle-icon-opened fas fa-caret-up\"><\/i><\/span>\n\t\t\t\t\t\t\t\t\t\t\t\t\t<\/span>\n\t\t\t\t\t\t\t\t\t\t\t\t<a class=\"elementor-toggle-title\" tabindex=\"0\">Com'e nato il portale Kamra?<\/a>\n\t\t\t\t\t<\/div>\n\n\t\t\t\t\t<div id=\"elementor-tab-content-1612\" class=\"elementor-tab-content elementor-clearfix\" data-tab=\"2\" role=\"region\" aria-labelledby=\"elementor-tab-title-1612\"><p>Nel 2005 dieci biblioteche regionali decisero di istituire il portale Kamra. L&#8217;idea e stata approvata anche dal Ministero alla cultura che ha stanziato i fondi per l&#8217;avvio del portale e che finanzia regolarmente il portale attraverso le biblioteche regionali. IL portale e diventato pienamente operativo nel 2008.<br \/>Le biblioteche regionali hanno istituito un gruppo di lavoro che, con un collaboratore esterno, ha gettato le basi per il funzionamento del portale fino alla sua realizzazione. Fino al 2011 il portale era guidato da un consorzio del quale facevano parte anche la Biblioteca nazionale e universitaria di Lubiana e l&#8217;associazione Zdru\u017eenje splo\u0161nih knji\u017enic.<\/p><\/div>\n\t\t\t\t<\/div>\n\t\t\t\t\t\t\t<div class=\"elementor-toggle-item\">\n\t\t\t\t\t<div id=\"elementor-tab-title-1613\" class=\"elementor-tab-title\" data-tab=\"3\" role=\"button\" aria-controls=\"elementor-tab-content-1613\" aria-expanded=\"false\">\n\t\t\t\t\t\t\t\t\t\t\t\t<span class=\"elementor-toggle-icon elementor-toggle-icon-left\" aria-hidden=\"true\">\n\t\t\t\t\t\t\t\t\t\t\t\t\t\t\t<span class=\"elementor-toggle-icon-closed\"><i class=\"fas fa-caret-right\"><\/i><\/span>\n\t\t\t\t\t\t\t\t<span class=\"elementor-toggle-icon-opened\"><i class=\"elementor-toggle-icon-opened fas fa-caret-up\"><\/i><\/span>\n\t\t\t\t\t\t\t\t\t\t\t\t\t<\/span>\n\t\t\t\t\t\t\t\t\t\t\t\t<a class=\"elementor-toggle-title\" tabindex=\"0\">Chi gestisce il portale Kamra?<\/a>\n\t\t\t\t\t<\/div>\n\n\t\t\t\t\t<div id=\"elementor-tab-content-1613\" class=\"elementor-tab-content elementor-clearfix\" data-tab=\"3\" role=\"region\" aria-labelledby=\"elementor-tab-title-1613\"><p>Since 2011 Public Library Celje manages and cares for the development of Kamra. It has signed an agreement with central regional libraries and The Slovenian Public Library Association that they will help finance the maintenance and development of KAMRA and also implement editorial tasks.<\/p><\/div>\n\t\t\t\t<\/div>\n\t\t\t\t\t\t\t<div class=\"elementor-toggle-item\">\n\t\t\t\t\t<div id=\"elementor-tab-title-1614\" class=\"elementor-tab-title\" data-tab=\"4\" role=\"button\" aria-controls=\"elementor-tab-content-1614\" aria-expanded=\"false\">\n\t\t\t\t\t\t\t\t\t\t\t\t<span class=\"elementor-toggle-icon elementor-toggle-icon-left\" aria-hidden=\"true\">\n\t\t\t\t\t\t\t\t\t\t\t\t\t\t\t<span class=\"elementor-toggle-icon-closed\"><i class=\"fas fa-caret-right\"><\/i><\/span>\n\t\t\t\t\t\t\t\t<span class=\"elementor-toggle-icon-opened\"><i class=\"elementor-toggle-icon-opened fas fa-caret-up\"><\/i><\/span>\n\t\t\t\t\t\t\t\t\t\t\t\t\t<\/span>\n\t\t\t\t\t\t\t\t\t\t\t\t<a class=\"elementor-toggle-title\" tabindex=\"0\">Perch\u00e9 Kamra se gia esiste la Biblioteca digitale Slovena (dLIb.si)?<\/a>\n\t\t\t\t\t<\/div>\n\n\t\t\t\t\t<div id=\"elementor-tab-content-1614\" class=\"elementor-tab-content elementor-clearfix\" data-tab=\"4\" role=\"region\" aria-labelledby=\"elementor-tab-title-1614\"><p>Compito del portale Kamra non e l&#8217;archiviazione di grandi quantita di materiale digitalizzato, come ad esempio la raccolta sistematica dei periodici. Tali raccolte sono pubblicate sul portale dLib.si.<br \/>Sul portale Kamra si pubblicano contenuti digitali minori, specifici e che raccolgono contenuti digitali i cui originali sono conservati in vari posti.<br \/>I contenuti di Kamra sono presentati in primo luogo come storie-racconti con didascalie e metadata.<\/p><\/div>\n\t\t\t\t<\/div>\n\t\t\t\t\t\t\t\t<\/div>\n\t\t\t\t\t\t<\/div>\n\t\t\t\t<\/div>\n\t\t\t\t<div class=\"elementor-element elementor-element-7f912f8 elementor-widget elementor-widget-heading\" data-id=\"7f912f8\" data-element_type=\"widget\" data-e-type=\"widget\" data-widget_type=\"heading.default\">\n\t\t\t\t<div class=\"elementor-widget-container\">\n\t\t\t\t\t<h3 class=\"elementor-heading-title elementor-size-default\">I CONTENUTI DEL PORTALE KAMRA\n<\/h3>\t\t\t\t<\/div>\n\t\t\t\t<\/div>\n\t\t\t\t<div class=\"elementor-element elementor-element-d3a27b2 elementor-widget elementor-widget-toggle\" data-id=\"d3a27b2\" data-element_type=\"widget\" data-e-type=\"widget\" data-widget_type=\"toggle.default\">\n\t\t\t\t<div class=\"elementor-widget-container\">\n\t\t\t\t\t\t\t<div class=\"elementor-toggle\">\n\t\t\t\t\t\t\t<div class=\"elementor-toggle-item\">\n\t\t\t\t\t<div id=\"elementor-tab-title-2211\" class=\"elementor-tab-title\" data-tab=\"1\" role=\"button\" aria-controls=\"elementor-tab-content-2211\" aria-expanded=\"false\">\n\t\t\t\t\t\t\t\t\t\t\t\t<span class=\"elementor-toggle-icon elementor-toggle-icon-left\" aria-hidden=\"true\">\n\t\t\t\t\t\t\t\t\t\t\t\t\t\t\t<span class=\"elementor-toggle-icon-closed\"><i class=\"fas fa-caret-right\"><\/i><\/span>\n\t\t\t\t\t\t\t\t<span class=\"elementor-toggle-icon-opened\"><i class=\"elementor-toggle-icon-opened fas fa-caret-up\"><\/i><\/span>\n\t\t\t\t\t\t\t\t\t\t\t\t\t<\/span>\n\t\t\t\t\t\t\t\t\t\t\t\t<a class=\"elementor-toggle-title\" tabindex=\"0\">Quali contenuti posso trovare su Kamra?<\/a>\n\t\t\t\t\t<\/div>\n\n\t\t\t\t\t<div id=\"elementor-tab-content-2211\" class=\"elementor-tab-content elementor-clearfix\" data-tab=\"1\" role=\"region\" aria-labelledby=\"elementor-tab-title-2211\"><p>Le organizzazioni regionali pubblicano quei contenuti che sono caratteristici del territorio e d&#8217;interesse per la comunita locale. Come ad esempio:<\/p><ul><li>presentazioni di autori locali o personaggi illustri in forma di fotografie, cartoline, documenti audio, interviste, video di serate letterarie o celebrazioni ecc.,<\/li><li>documenti di importanti associazioni locali: attivita sociali, storie di vita dei soci, le loro opere, documenti audio e video, memorie e\/o interviste &#8230;<\/li><li>cartoline storiche, storie e testimonianze riguardanti i luoghi riprodotti, i loro proprietari,<\/li><li>lavori di ricerca che hanno origine in enti locali di studio o ricerca e altrimenti collegati ad altro materiale di contenuto affine al tema del lavoro di ricerca,<\/li><li>testimonianze audio e video di dialetti locali, collegati a documenti che li descrivono e li documentano,<\/li><li>artoteche di artisti locali, le loro biografie, cataloghi di mostre, interviste,<\/li><li>materiale cinematografico di storia patria (primario e secondario),<\/li><li>contenuti legati alle peculiarita naturali, culturali e turistiche del territorio,<\/li><li>etnografia locale (come si viveva\u2026, folclore, artie e mestieri di una volta, usanze ecc.),<\/li><li>palazzi famosi, storie delle persone che vi vivevano.<\/li><\/ul><\/div>\n\t\t\t\t<\/div>\n\t\t\t\t\t\t\t<div class=\"elementor-toggle-item\">\n\t\t\t\t\t<div id=\"elementor-tab-title-2212\" class=\"elementor-tab-title\" data-tab=\"2\" role=\"button\" aria-controls=\"elementor-tab-content-2212\" aria-expanded=\"false\">\n\t\t\t\t\t\t\t\t\t\t\t\t<span class=\"elementor-toggle-icon elementor-toggle-icon-left\" aria-hidden=\"true\">\n\t\t\t\t\t\t\t\t\t\t\t\t\t\t\t<span class=\"elementor-toggle-icon-closed\"><i class=\"fas fa-caret-right\"><\/i><\/span>\n\t\t\t\t\t\t\t\t<span class=\"elementor-toggle-icon-opened\"><i class=\"elementor-toggle-icon-opened fas fa-caret-up\"><\/i><\/span>\n\t\t\t\t\t\t\t\t\t\t\t\t\t<\/span>\n\t\t\t\t\t\t\t\t\t\t\t\t<a class=\"elementor-toggle-title\" tabindex=\"0\">Cos'e una raccolta digitale?<\/a>\n\t\t\t\t\t<\/div>\n\n\t\t\t\t\t<div id=\"elementor-tab-content-2212\" class=\"elementor-tab-content elementor-clearfix\" data-tab=\"2\" role=\"region\" aria-labelledby=\"elementor-tab-title-2212\"><p>Ogni raccolta digitale e una storia-racconto. Su Kamra i contenuti si basano sulla &#8220;narrazione&#8221; di storie. Cio significa che il tema scelto viene descritto da un testo e illustrato con fotografie, testi e contenuti audiovisivi.<br \/>Le raccolte digitali hanno forma ad albero: dalla raccolta principale si diramano i singoli capitoli che descrivono la storia-racconto.<\/p><\/div>\n\t\t\t\t<\/div>\n\t\t\t\t\t\t\t<div class=\"elementor-toggle-item\">\n\t\t\t\t\t<div id=\"elementor-tab-title-2213\" class=\"elementor-tab-title\" data-tab=\"3\" role=\"button\" aria-controls=\"elementor-tab-content-2213\" aria-expanded=\"false\">\n\t\t\t\t\t\t\t\t\t\t\t\t<span class=\"elementor-toggle-icon elementor-toggle-icon-left\" aria-hidden=\"true\">\n\t\t\t\t\t\t\t\t\t\t\t\t\t\t\t<span class=\"elementor-toggle-icon-closed\"><i class=\"fas fa-caret-right\"><\/i><\/span>\n\t\t\t\t\t\t\t\t<span class=\"elementor-toggle-icon-opened\"><i class=\"elementor-toggle-icon-opened fas fa-caret-up\"><\/i><\/span>\n\t\t\t\t\t\t\t\t\t\t\t\t\t<\/span>\n\t\t\t\t\t\t\t\t\t\t\t\t<a class=\"elementor-toggle-title\" tabindex=\"0\">Che cosa sono gli elementi multimediali?<\/a>\n\t\t\t\t\t<\/div>\n\n\t\t\t\t\t<div id=\"elementor-tab-content-2213\" class=\"elementor-tab-content elementor-clearfix\" data-tab=\"3\" role=\"region\" aria-labelledby=\"elementor-tab-title-2213\"><p>Gli elementi multimediali sono gli elementi base del portale. Possono essere documenti testuali, immagini, contenuti audio e video che possono essere consultati nell&#8217;ambito delle storie-racconti o singolarmente nelle gallerie fotografiche. Ogni elemento multimediale e corredato da metadata che garantiscono una migliore gestione e ottimizzano la ricerca.<\/p><\/div>\n\t\t\t\t<\/div>\n\t\t\t\t\t\t\t<div class=\"elementor-toggle-item\">\n\t\t\t\t\t<div id=\"elementor-tab-title-2214\" class=\"elementor-tab-title\" data-tab=\"4\" role=\"button\" aria-controls=\"elementor-tab-content-2214\" aria-expanded=\"false\">\n\t\t\t\t\t\t\t\t\t\t\t\t<span class=\"elementor-toggle-icon elementor-toggle-icon-left\" aria-hidden=\"true\">\n\t\t\t\t\t\t\t\t\t\t\t\t\t\t\t<span class=\"elementor-toggle-icon-closed\"><i class=\"fas fa-caret-right\"><\/i><\/span>\n\t\t\t\t\t\t\t\t<span class=\"elementor-toggle-icon-opened\"><i class=\"elementor-toggle-icon-opened fas fa-caret-up\"><\/i><\/span>\n\t\t\t\t\t\t\t\t\t\t\t\t\t<\/span>\n\t\t\t\t\t\t\t\t\t\t\t\t<a class=\"elementor-toggle-title\" tabindex=\"0\">Come funziona la politica redazionale?<\/a>\n\t\t\t\t\t<\/div>\n\n\t\t\t\t\t<div id=\"elementor-tab-content-2214\" class=\"elementor-tab-content elementor-clearfix\" data-tab=\"4\" role=\"region\" aria-labelledby=\"elementor-tab-title-2214\"><p>Le biblioteche regionali sono le portatrici della politica redazionale del portale. La redazione si svolge su due livelli. La redazione principale si trova nella biblioteca Osrednja knji\u017enica Celje ed ha i seguenti compiti:<\/p><ul><li>supervisionari i contenuti del portale e coordinare l&#8217;apporto di contenuti assieme alle altre biblioteche regionali,<\/li><li>convocare le riunioni e organizzare i corsi di formazione per i curatori regionali,<\/li><li>se necessario organizzare corsi formativi per i creatori di contenuti,<\/li><li>collaborare con l&#8217;esecutore tecnico per sviluppare il portale e ottimizzarlo.<\/li><\/ul><p>I redattori regionali sono i rappresentanti delle biblioteche regionali ed hanno i seguenti compiti:<\/p><ul><li>coordinare l&#8217;introduzione dei contenuti sul territorio,<\/li><li>supervisionare i contenuti locali, lavoro di redazione e certificazione della pubblicazione dei contenuti sul portale,<\/li><li>aiutare i partner esterni,<\/li><li>organizzare corsi di formazione su scala regionale,<\/li><li>avanzare proposte per l&#8217;ottimizzazione del portale.<\/li><\/ul><\/div>\n\t\t\t\t<\/div>\n\t\t\t\t\t\t\t\t<\/div>\n\t\t\t\t\t\t<\/div>\n\t\t\t\t<\/div>\n\t\t\t\t<div class=\"elementor-element elementor-element-6677c34 elementor-widget elementor-widget-heading\" data-id=\"6677c34\" data-element_type=\"widget\" data-e-type=\"widget\" data-widget_type=\"heading.default\">\n\t\t\t\t<div class=\"elementor-widget-container\">\n\t\t\t\t\t<h3 class=\"elementor-heading-title elementor-size-default\">I CONTENUTI DEL PORTALE KAMRA\n<\/h3>\t\t\t\t<\/div>\n\t\t\t\t<\/div>\n\t\t\t\t<div class=\"elementor-element elementor-element-b457e0b elementor-widget elementor-widget-toggle\" data-id=\"b457e0b\" data-element_type=\"widget\" data-e-type=\"widget\" data-widget_type=\"toggle.default\">\n\t\t\t\t<div class=\"elementor-widget-container\">\n\t\t\t\t\t\t\t<div class=\"elementor-toggle\">\n\t\t\t\t\t\t\t<div class=\"elementor-toggle-item\">\n\t\t\t\t\t<div id=\"elementor-tab-title-1891\" class=\"elementor-tab-title\" data-tab=\"1\" role=\"button\" aria-controls=\"elementor-tab-content-1891\" aria-expanded=\"false\">\n\t\t\t\t\t\t\t\t\t\t\t\t<span class=\"elementor-toggle-icon elementor-toggle-icon-left\" aria-hidden=\"true\">\n\t\t\t\t\t\t\t\t\t\t\t\t\t\t\t<span class=\"elementor-toggle-icon-closed\"><i class=\"fas fa-caret-right\"><\/i><\/span>\n\t\t\t\t\t\t\t\t<span class=\"elementor-toggle-icon-opened\"><i class=\"elementor-toggle-icon-opened fas fa-caret-up\"><\/i><\/span>\n\t\t\t\t\t\t\t\t\t\t\t\t\t<\/span>\n\t\t\t\t\t\t\t\t\t\t\t\t<a class=\"elementor-toggle-title\" tabindex=\"0\">Chi contribuisce al portale Kamra?<\/a>\n\t\t\t\t\t<\/div>\n\n\t\t\t\t\t<div id=\"elementor-tab-content-1891\" class=\"elementor-tab-content elementor-clearfix\" data-tab=\"1\" role=\"region\" aria-labelledby=\"elementor-tab-title-1891\"><p>KAMRA ospita vari contenuti di storia patria che sono forniti da biblioteche, musei, archivi, associazioni e organizzazioni che desiderano pubblicare i propri documenti digitali avvalendosi dell&#8217;aiuto di esperti bibliotecari. E&#8217; compito del partner:<\/p><ul><li>preparare il materiale e digitalizzarlo (da soli o con collaboratori esterni),<\/li><li>preparare i metadata e i contenuti, introdurre i contenuti,<\/li><li>collaborare con il redattore regionale per ottimizzare i contenuti: corsi formativi, nullaosta per accedere al portale ecc.<\/li><\/ul><\/div>\n\t\t\t\t<\/div>\n\t\t\t\t\t\t\t<div class=\"elementor-toggle-item\">\n\t\t\t\t\t<div id=\"elementor-tab-title-1892\" class=\"elementor-tab-title\" data-tab=\"2\" role=\"button\" aria-controls=\"elementor-tab-content-1892\" aria-expanded=\"false\">\n\t\t\t\t\t\t\t\t\t\t\t\t<span class=\"elementor-toggle-icon elementor-toggle-icon-left\" aria-hidden=\"true\">\n\t\t\t\t\t\t\t\t\t\t\t\t\t\t\t<span class=\"elementor-toggle-icon-closed\"><i class=\"fas fa-caret-right\"><\/i><\/span>\n\t\t\t\t\t\t\t\t<span class=\"elementor-toggle-icon-opened\"><i class=\"elementor-toggle-icon-opened fas fa-caret-up\"><\/i><\/span>\n\t\t\t\t\t\t\t\t\t\t\t\t\t<\/span>\n\t\t\t\t\t\t\t\t\t\t\t\t<a class=\"elementor-toggle-title\" tabindex=\"0\">Per pubblicare i miei documenti su Kamra devo pagare?<\/a>\n\t\t\t\t\t<\/div>\n\n\t\t\t\t\t<div id=\"elementor-tab-content-1892\" class=\"elementor-tab-content elementor-clearfix\" data-tab=\"2\" role=\"region\" aria-labelledby=\"elementor-tab-title-1892\"><p>No, la gestione e lo sviluppo del portale e finanziata dalle biblioteche regionali e per gli altri partner l&#8217;uso dell&#8217;infrastruttura e gratuita. Per i futuri partner inoltre i redattori regionali organizzano dei corsi di formazione e offrono assistenza permanente.<\/p><\/div>\n\t\t\t\t<\/div>\n\t\t\t\t\t\t\t<div class=\"elementor-toggle-item\">\n\t\t\t\t\t<div id=\"elementor-tab-title-1893\" class=\"elementor-tab-title\" data-tab=\"3\" role=\"button\" aria-controls=\"elementor-tab-content-1893\" aria-expanded=\"false\">\n\t\t\t\t\t\t\t\t\t\t\t\t<span class=\"elementor-toggle-icon elementor-toggle-icon-left\" aria-hidden=\"true\">\n\t\t\t\t\t\t\t\t\t\t\t\t\t\t\t<span class=\"elementor-toggle-icon-closed\"><i class=\"fas fa-caret-right\"><\/i><\/span>\n\t\t\t\t\t\t\t\t<span class=\"elementor-toggle-icon-opened\"><i class=\"elementor-toggle-icon-opened fas fa-caret-up\"><\/i><\/span>\n\t\t\t\t\t\t\t\t\t\t\t\t\t<\/span>\n\t\t\t\t\t\t\t\t\t\t\t\t<a class=\"elementor-toggle-title\" tabindex=\"0\">Siamo una piccola organizzazione (o un singolo) e vorremmo pubblicare una raccolta su Kamra. Cosa bisogna fare?<\/a>\n\t\t\t\t\t<\/div>\n\n\t\t\t\t\t<div id=\"elementor-tab-content-1893\" class=\"elementor-tab-content elementor-clearfix\" data-tab=\"3\" role=\"region\" aria-labelledby=\"elementor-tab-title-1893\"><p>Andare alla biblioteca piu vicina. Se in biblioteca non c&#8217;e un bibliotecario abilitato per l&#8217;introduzione dei contenuti vi indirizzeranno alla bibliotca regionale. Il redattore regionale valutera se i vostri contenuti sono adatti ad essere pubblicati e vi abilitera e aiutera a farlo da soli. Se non siete in grado o non volete farlo lo fara per voi la biblioteca previo accordo.<\/p><\/div>\n\t\t\t\t<\/div>\n\t\t\t\t\t\t\t\t<\/div>\n\t\t\t\t\t\t<\/div>\n\t\t\t\t<\/div>\n\t\t\t\t<div class=\"elementor-element elementor-element-2439c20 elementor-widget elementor-widget-heading\" data-id=\"2439c20\" data-element_type=\"widget\" data-e-type=\"widget\" data-widget_type=\"heading.default\">\n\t\t\t\t<div class=\"elementor-widget-container\">\n\t\t\t\t\t<h3 class=\"elementor-heading-title elementor-size-default\">GLI UTENTI<\/h3>\t\t\t\t<\/div>\n\t\t\t\t<\/div>\n\t\t\t\t<div class=\"elementor-element elementor-element-38b3c16 elementor-widget elementor-widget-toggle\" data-id=\"38b3c16\" data-element_type=\"widget\" data-e-type=\"widget\" data-widget_type=\"toggle.default\">\n\t\t\t\t<div class=\"elementor-widget-container\">\n\t\t\t\t\t\t\t<div class=\"elementor-toggle\">\n\t\t\t\t\t\t\t<div class=\"elementor-toggle-item\">\n\t\t\t\t\t<div id=\"elementor-tab-title-5941\" class=\"elementor-tab-title\" data-tab=\"1\" role=\"button\" aria-controls=\"elementor-tab-content-5941\" aria-expanded=\"false\">\n\t\t\t\t\t\t\t\t\t\t\t\t<span class=\"elementor-toggle-icon elementor-toggle-icon-left\" aria-hidden=\"true\">\n\t\t\t\t\t\t\t\t\t\t\t\t\t\t\t<span class=\"elementor-toggle-icon-closed\"><i class=\"fas fa-caret-right\"><\/i><\/span>\n\t\t\t\t\t\t\t\t<span class=\"elementor-toggle-icon-opened\"><i class=\"elementor-toggle-icon-opened fas fa-caret-up\"><\/i><\/span>\n\t\t\t\t\t\t\t\t\t\t\t\t\t<\/span>\n\t\t\t\t\t\t\t\t\t\t\t\t<a class=\"elementor-toggle-title\" tabindex=\"0\">Posso utilizzare una foto da Kamra per il mio lavoro di ricerca?<\/a>\n\t\t\t\t\t<\/div>\n\n\t\t\t\t\t<div id=\"elementor-tab-content-5941\" class=\"elementor-tab-content elementor-clearfix\" data-tab=\"1\" role=\"region\" aria-labelledby=\"elementor-tab-title-5941\"><p>Si. Gli oggetti digitali pubblicati su Kamra possono essere usati a scopi non commerciali ma bisogna obbligatoriamente citare la fonte.<\/p><\/div>\n\t\t\t\t<\/div>\n\t\t\t\t\t\t\t<div class=\"elementor-toggle-item\">\n\t\t\t\t\t<div id=\"elementor-tab-title-5942\" class=\"elementor-tab-title\" data-tab=\"2\" role=\"button\" aria-controls=\"elementor-tab-content-5942\" aria-expanded=\"false\">\n\t\t\t\t\t\t\t\t\t\t\t\t<span class=\"elementor-toggle-icon elementor-toggle-icon-left\" aria-hidden=\"true\">\n\t\t\t\t\t\t\t\t\t\t\t\t\t\t\t<span class=\"elementor-toggle-icon-closed\"><i class=\"fas fa-caret-right\"><\/i><\/span>\n\t\t\t\t\t\t\t\t<span class=\"elementor-toggle-icon-opened\"><i class=\"elementor-toggle-icon-opened fas fa-caret-up\"><\/i><\/span>\n\t\t\t\t\t\t\t\t\t\t\t\t\t<\/span>\n\t\t\t\t\t\t\t\t\t\t\t\t<a class=\"elementor-toggle-title\" tabindex=\"0\">Vorrei avere una delle foto di Kamra in piu alta risoluzione. Dove posso trovarla?<\/a>\n\t\t\t\t\t<\/div>\n\n\t\t\t\t\t<div id=\"elementor-tab-content-5942\" class=\"elementor-tab-content elementor-clearfix\" data-tab=\"2\" role=\"region\" aria-labelledby=\"elementor-tab-title-5942\"><p>La foto fa sicuramente parte di una raccolta digitale. Li troverete i dati sull&#8217;organizzazione che ha contribuito la raccolta e possiede le foto in risoluzione piu alta, con tanto di indirizzo e-mail e persona da contattare per la vostra richiesta.<\/p><\/div>\n\t\t\t\t<\/div>\n\t\t\t\t\t\t\t<div class=\"elementor-toggle-item\">\n\t\t\t\t\t<div id=\"elementor-tab-title-5943\" class=\"elementor-tab-title\" data-tab=\"3\" role=\"button\" aria-controls=\"elementor-tab-content-5943\" aria-expanded=\"false\">\n\t\t\t\t\t\t\t\t\t\t\t\t<span class=\"elementor-toggle-icon elementor-toggle-icon-left\" aria-hidden=\"true\">\n\t\t\t\t\t\t\t\t\t\t\t\t\t\t\t<span class=\"elementor-toggle-icon-closed\"><i class=\"fas fa-caret-right\"><\/i><\/span>\n\t\t\t\t\t\t\t\t<span class=\"elementor-toggle-icon-opened\"><i class=\"elementor-toggle-icon-opened fas fa-caret-up\"><\/i><\/span>\n\t\t\t\t\t\t\t\t\t\t\t\t\t<\/span>\n\t\t\t\t\t\t\t\t\t\t\t\t<a class=\"elementor-toggle-title\" tabindex=\"0\">In un contenuto di Kamra ho trovato un dato errato e vorrei correggerlo, cosa posso fare?<\/a>\n\t\t\t\t\t<\/div>\n\n\t\t\t\t\t<div id=\"elementor-tab-content-5943\" class=\"elementor-tab-content elementor-clearfix\" data-tab=\"3\" role=\"region\" aria-labelledby=\"elementor-tab-title-5943\"><p>Rivolgetevi all&#8217;organizzazione ovvero alla persona di contatto che ha pubblicato il contenuto. Entrambi i dato sono disponibili presso le descrizioni dei contenuti digitali. Vi ringraziamo per la collaborazione.<\/p><\/div>\n\t\t\t\t<\/div>\n\t\t\t\t\t\t\t\t<\/div>\n\t\t\t\t\t\t<\/div>\n\t\t\t\t<\/div>\n\t\t\t\t\t<\/div>\n\t\t<\/div>\n\t\t\t\t\t<\/div>\n\t\t<\/section>\n\t\t\t\t<\/div>\n\t\t","protected":false},"excerpt":{"rendered":"<p>Il portale regionale Kamra&nbsp;\u00e8&nbsp;un sito web, che raccoglie i contenuti digitalizzati di storia patria presenti nelle biblioteche e gli altri enti culturali del territorio. I contenuti digitali sono&nbsp;cos\u00ec&nbsp;accessibili da un posto unico e sono creati dalle organizzazioni&nbsp;pi\u00f9&nbsp;competentinel proprio settore.&nbsp; Kamra offre gratuitamente l&#8217;infrastruttura necessaria e abilita nuovi partner.&nbsp; I contenuti di Kamra sono presentati come [&hellip;]<\/p>\n","protected":false},"author":2,"featured_media":0,"parent":0,"menu_order":0,"comment_status":"closed","ping_status":"closed","template":"","meta":{"_acf_changed":false,"footnotes":""},"class_list":["post-29531","page","type-page","status-publish","hentry"],"acf":[],"_links":{"self":[{"href":"https:\/\/www.kamra.si\/it\/wp-json\/wp\/v2\/pages\/29531","targetHints":{"allow":["GET"]}}],"collection":[{"href":"https:\/\/www.kamra.si\/it\/wp-json\/wp\/v2\/pages"}],"about":[{"href":"https:\/\/www.kamra.si\/it\/wp-json\/wp\/v2\/types\/page"}],"author":[{"embeddable":true,"href":"https:\/\/www.kamra.si\/it\/wp-json\/wp\/v2\/users\/2"}],"replies":[{"embeddable":true,"href":"https:\/\/www.kamra.si\/it\/wp-json\/wp\/v2\/comments?post=29531"}],"version-history":[{"count":13,"href":"https:\/\/www.kamra.si\/it\/wp-json\/wp\/v2\/pages\/29531\/revisions"}],"predecessor-version":[{"id":367360,"href":"https:\/\/www.kamra.si\/it\/wp-json\/wp\/v2\/pages\/29531\/revisions\/367360"}],"wp:attachment":[{"href":"https:\/\/www.kamra.si\/it\/wp-json\/wp\/v2\/media?parent=29531"}],"curies":[{"name":"wp","href":"https:\/\/api.w.org\/{rel}","templated":true}]}}