{"id":401221,"date":"2025-09-15T11:02:04","date_gmt":"2025-09-15T09:02:04","guid":{"rendered":"https:\/\/www.kamra.si\/?page_id=401221"},"modified":"2025-09-16T10:33:51","modified_gmt":"2025-09-16T08:33:51","slug":"minden-tematikus-gyujtemeny","status":"publish","type":"page","link":"https:\/\/www.kamra.si\/hu\/minden-tematikus-gyujtemeny\/","title":{"rendered":"Minden tematikus gy\u0171jtem\u00e9ny"},"content":{"rendered":"\t\t<div data-elementor-type=\"wp-page\" data-elementor-id=\"401221\" class=\"elementor elementor-401221 elementor-401120\" data-elementor-post-type=\"page\">\n\t\t\t\t\t\t<section class=\"elementor-section elementor-top-section elementor-element elementor-element-ff85142 elementor-section-boxed elementor-section-height-default elementor-section-height-default\" data-id=\"ff85142\" data-element_type=\"section\" data-e-type=\"section\">\n\t\t\t\t\t\t<div class=\"elementor-container elementor-column-gap-default\">\n\t\t\t\t\t<div class=\"elementor-column elementor-col-100 elementor-top-column elementor-element elementor-element-7d5a545\" data-id=\"7d5a545\" data-element_type=\"column\" data-e-type=\"column\" data-settings=\"{&quot;background_background&quot;:&quot;classic&quot;}\">\n\t\t\t<div class=\"elementor-widget-wrap elementor-element-populated\">\n\t\t\t\t\t\t<div class=\"elementor-element elementor-element-ee1d561 elementor-widget elementor-widget-text-editor\" data-id=\"ee1d561\" data-element_type=\"widget\" data-e-type=\"widget\" data-widget_type=\"text-editor.default\">\n\t\t\t\t<div class=\"elementor-widget-container\">\n\t\t\t\t\t\t\t\t\t<div class=\"top-section\"><div class=\"top-section-title\"><h1><span class=\"post post-page current-item\">Minden tematikus gy\u0171jtem\u00e9ny<\/span><\/h1><\/div><\/div>\t\t\t\t\t\t\t\t<\/div>\n\t\t\t\t<\/div>\n\t\t\t\t<section class=\"elementor-section elementor-inner-section elementor-element elementor-element-358b4dc elementor-section-full_width elementor-section-height-default elementor-section-height-default\" data-id=\"358b4dc\" data-element_type=\"section\" data-e-type=\"section\">\n\t\t\t\t\t\t<div class=\"elementor-container elementor-column-gap-default\">\n\t\t\t\t\t<div class=\"elementor-column elementor-col-25 elementor-inner-column elementor-element elementor-element-9398cf3\" data-id=\"9398cf3\" data-element_type=\"column\" data-e-type=\"column\">\n\t\t\t<div class=\"elementor-widget-wrap elementor-element-populated\">\n\t\t\t\t\t\t<div class=\"elementor-element elementor-element-44bdd95 elementor-widget elementor-widget-e_image_hover_effects\" data-id=\"44bdd95\" data-element_type=\"widget\" data-e-type=\"widget\" data-widget_type=\"e_image_hover_effects.default\">\n\t\t\t\t<div class=\"elementor-widget-container\">\n\t\t\t\t\t\t\t\t<a href=\"\/hu\/album-szlovenia\">\r\n\t\t\t\t\t<div class=\"eihe-box\">\r\n\t\t\t\t<img fetchpriority=\"high\" decoding=\"async\" width=\"298\" height=\"238\" src=\"https:\/\/www.kamra.si\/wp-content\/uploads\/2022\/01\/vse-tematske-zbirke-298x238-1.jpg\" class=\"attachment-full size-full wp-image-349170\" alt=\"\" \/>\t\t\t\t<div class=\"eihe-caption\">\r\n\t\t\t\t\t<div class=\"eihe-content-cover\" style=\"opacity: 0;\">\r\n\t\t\t\t\t\t<div class=\"content-title\"><h3>Archive<\/h3><\/div>\r\n\t\t\t\t\t\t<div class=\"content-desc\"><p><\/p><\/div>\r\n\t\t\t\t\t<\/div>\t\r\n\t\t\t\t\t\t\r\n\t\t\t\t<\/div>\r\n\t\t\t\t<div class=\"kamra-title-cover\">\r\n\t\t\t\t\t<h3 style=\"margin-bottom: unset;\">Archive<\/h3>\r\n\t\t\t\t<\/div>\r\n\t\t\t<\/div>\r\n\t\t\t\t\t<\/a>\r\n\t\t\t\t\t\t<\/div>\n\t\t\t\t<\/div>\n\t\t\t\t\t<\/div>\n\t\t<\/div>\n\t\t\t\t<div class=\"elementor-column elementor-col-25 elementor-inner-column elementor-element elementor-element-3f6547f\" data-id=\"3f6547f\" data-element_type=\"column\" data-e-type=\"column\">\n\t\t\t<div class=\"elementor-widget-wrap elementor-element-populated\">\n\t\t\t\t\t\t<div class=\"elementor-element elementor-element-92c0c19 elementor-widget elementor-widget-e_image_hover_effects\" data-id=\"92c0c19\" data-element_type=\"widget\" data-e-type=\"widget\" data-widget_type=\"e_image_hover_effects.default\">\n\t\t\t\t<div class=\"elementor-widget-container\">\n\t\t\t\t\t\t\t\t<a href=\"\/kategoria-album\/szloven-otthonok-technikai-felszereltsege\/\">\r\n\t\t\t\t\t<div class=\"eihe-box\">\r\n\t\t\t\t<img decoding=\"async\" width=\"298\" height=\"238\" src=\"https:\/\/www.kamra.si\/wp-content\/uploads\/2022\/01\/tehnika-in-modernizacija-298x238-1.jpg\" class=\"attachment-full size-full wp-image-349169\" alt=\"\" \/>\t\t\t\t<div class=\"eihe-caption\">\r\n\t\t\t\t\t<div class=\"eihe-content-cover\" style=\"opacity: 0;\">\r\n\t\t\t\t\t\t<div class=\"content-title\"><h3>Szlov\u00e9n otthonok technikai felszerelts\u00e9ge<\/h3><\/div>\r\n\t\t\t\t\t\t<div class=\"content-desc\"><p>Els\u0151 telefon, r\u00e1di\u00f3, mos\u00f3g\u00e9p, sz\u00ednes \u00fcveg a fekete-feh\u00e9r TV el\u0151tt, ...\nA h\u00edrk\u00f6zl\u0151 eszk\u00f6z\u00f6k, sz\u00e1m\u00edt\u00f3g\u00e9pek, h\u00e1ztart\u00e1si g\u00e9pek \u00e9s egy\u00e9b m\u0171szaki eszk\u00f6z\u00f6k lassan, de folyamatosan vonultak be otthonainkba \u00e9s \u00f6r\u00f6kre megv\u00e1ltoztatt\u00e1k a szlov\u00e9n csal\u00e1dok tipikus k\u00e9p\u00e9t.<\/p><\/div>\r\n\t\t\t\t\t<\/div>\t\r\n\t\t\t\t\t\t\r\n\t\t\t\t<\/div>\r\n\t\t\t\t<div class=\"kamra-title-cover\">\r\n\t\t\t\t\t<h3 style=\"margin-bottom: unset;\">Szlov\u00e9n otthonok technikai felszerelts\u00e9ge<\/h3>\r\n\t\t\t\t<\/div>\r\n\t\t\t<\/div>\r\n\t\t\t\t\t<\/a>\r\n\t\t\t\t\t\t<\/div>\n\t\t\t\t<\/div>\n\t\t\t\t\t<\/div>\n\t\t<\/div>\n\t\t\t\t<div class=\"elementor-column elementor-col-25 elementor-inner-column elementor-element elementor-element-6b630ef\" data-id=\"6b630ef\" data-element_type=\"column\" data-e-type=\"column\">\n\t\t\t<div class=\"elementor-widget-wrap elementor-element-populated\">\n\t\t\t\t\t\t<div class=\"elementor-element elementor-element-8b74bbf elementor-widget elementor-widget-e_image_hover_effects\" data-id=\"8b74bbf\" data-element_type=\"widget\" data-e-type=\"widget\" data-widget_type=\"e_image_hover_effects.default\">\n\t\t\t\t<div class=\"elementor-widget-container\">\n\t\t\t\t\t\t\t\t<a href=\"\/kategoria-album\/kozlekedesi-eszkozon-vagy-gyalog\/\">\r\n\t\t\t\t\t<div class=\"eihe-box\">\r\n\t\t\t\t<img decoding=\"async\" width=\"298\" height=\"238\" src=\"https:\/\/www.kamra.si\/wp-content\/uploads\/2022\/01\/s-prevoznimi-sredstvi-298x238-1.jpg\" class=\"attachment-full size-full wp-image-349168\" alt=\"\" \/>\t\t\t\t<div class=\"eihe-caption\">\r\n\t\t\t\t\t<div class=\"eihe-content-cover\" style=\"opacity: 0;\">\r\n\t\t\t\t\t\t<div class=\"content-title\"><h3>K\u00f6zleked\u00e9si eszk\u00f6z\u00f6n vagy gyalog<\/h3><\/div>\r\n\t\t\t\t\t\t<div class=\"content-desc\"><p>A 60-as \u00e9vekig az aut\u00f3 el\u00e9rhetetlen luxusnak sz\u00e1m\u00edtott a lakoss\u00e1g t\u00f6bbs\u00e9ge sz\u00e1m\u00e1ra: a szlov\u00e9n utak akkoriban szinte kongtak az \u00fcress\u00e9gt\u0151l. Legink\u00e1bb gyalogosok, ker\u00e9kp\u00e1rosok, lovaskocsik, nagyobb v\u00e1rosokban villamosok haszn\u00e1lt\u00e1k \u0151ket. A 60-as \u00e9vekben beindult ipari fejl\u0151d\u00e9ssel azonban a szlov\u00e9nek is kezdtek hozz\u00e1jutni a \u201el\u00f3er\u0151kh\u00f6z\u201d.<\/p><\/div>\r\n\t\t\t\t\t<\/div>\t\r\n\t\t\t\t\t\t\r\n\t\t\t\t<\/div>\r\n\t\t\t\t<div class=\"kamra-title-cover\">\r\n\t\t\t\t\t<h3 style=\"margin-bottom: unset;\">K\u00f6zleked\u00e9si eszk\u00f6z\u00f6n vagy gyalog<\/h3>\r\n\t\t\t\t<\/div>\r\n\t\t\t<\/div>\r\n\t\t\t\t\t<\/a>\r\n\t\t\t\t\t\t<\/div>\n\t\t\t\t<\/div>\n\t\t\t\t\t<\/div>\n\t\t<\/div>\n\t\t\t\t<div class=\"elementor-column elementor-col-25 elementor-inner-column elementor-element elementor-element-d726fa3\" data-id=\"d726fa3\" data-element_type=\"column\" data-e-type=\"column\">\n\t\t\t<div class=\"elementor-widget-wrap elementor-element-populated\">\n\t\t\t\t\t\t<div class=\"elementor-element elementor-element-209a2f5 elementor-widget elementor-widget-e_image_hover_effects\" data-id=\"209a2f5\" data-element_type=\"widget\" data-e-type=\"widget\" data-widget_type=\"e_image_hover_effects.default\">\n\t\t\t\t<div class=\"elementor-widget-container\">\n\t\t\t\t\t\t\t\t<a href=\"\/kategoria-album\/iskolai-napok-az-ovodatol-az-egyetemig\/\">\r\n\t\t\t\t\t<div class=\"eihe-box\">\r\n\t\t\t\t<img loading=\"lazy\" decoding=\"async\" width=\"298\" height=\"238\" src=\"https:\/\/www.kamra.si\/wp-content\/uploads\/2022\/01\/solski-dnevi-298x238-1.jpg\" class=\"attachment-full size-full wp-image-349166\" alt=\"\" \/>\t\t\t\t<div class=\"eihe-caption\">\r\n\t\t\t\t\t<div class=\"eihe-content-cover\" style=\"opacity: 0;\">\r\n\t\t\t\t\t\t<div class=\"content-title\"><h3>Iskolai napok az \u00f3vod\u00e1t\u00f3l az egyetemig<\/h3><\/div>\r\n\t\t\t\t\t\t<div class=\"content-desc\"><p>Az iskolai oszt\u00e1lyfot\u00f3k ma is k\u00f6telez\u0151 elemei a csal\u00e1di albumoknak \u2013 a komoly, merev, be\u00e1ll\u00edtott felv\u00e9teleket azonban id\u0151vel felv\u00e1ltott\u00e1k a laz\u00e1bb, id\u0151nk\u00e9nt j\u00e1t\u00e9kos, s\u0151t vicces oszt\u00e1lyk\u00e9pek. Az oszt\u00e1lytermek k\u00e9pe, felszerelts\u00e9ge \u00e9s szimb\u00f3lumai is sokat v\u00e1ltoztak ...<\/p><\/div>\r\n\t\t\t\t\t<\/div>\t\r\n\t\t\t\t\t\t\r\n\t\t\t\t<\/div>\r\n\t\t\t\t<div class=\"kamra-title-cover\">\r\n\t\t\t\t\t<h3 style=\"margin-bottom: unset;\">Iskolai napok az \u00f3vod\u00e1t\u00f3l az egyetemig<\/h3>\r\n\t\t\t\t<\/div>\r\n\t\t\t<\/div>\r\n\t\t\t\t\t<\/a>\r\n\t\t\t\t\t\t<\/div>\n\t\t\t\t<\/div>\n\t\t\t\t\t<\/div>\n\t\t<\/div>\n\t\t\t\t\t<\/div>\n\t\t<\/section>\n\t\t\t\t<section class=\"elementor-section elementor-inner-section elementor-element elementor-element-4e01624 elementor-section-full_width elementor-section-height-default elementor-section-height-default\" data-id=\"4e01624\" data-element_type=\"section\" data-e-type=\"section\">\n\t\t\t\t\t\t<div class=\"elementor-container elementor-column-gap-default\">\n\t\t\t\t\t<div class=\"elementor-column elementor-col-25 elementor-inner-column elementor-element elementor-element-3fcac59\" data-id=\"3fcac59\" data-element_type=\"column\" data-e-type=\"column\">\n\t\t\t<div class=\"elementor-widget-wrap elementor-element-populated\">\n\t\t\t\t\t\t<div class=\"elementor-element elementor-element-99d3c55 elementor-widget elementor-widget-e_image_hover_effects\" data-id=\"99d3c55\" data-element_type=\"widget\" data-e-type=\"widget\" data-widget_type=\"e_image_hover_effects.default\">\n\t\t\t\t<div class=\"elementor-widget-container\">\n\t\t\t\t\t\t\t\t<a href=\"\/kategoria-album\/haztartasi-es-mezogazdasagi-munkak\/\">\r\n\t\t\t\t\t<div class=\"eihe-box\">\r\n\t\t\t\t<img loading=\"lazy\" decoding=\"async\" width=\"298\" height=\"238\" src=\"https:\/\/www.kamra.si\/wp-content\/uploads\/2022\/01\/kmecka-opravila-298x238-1.jpg\" class=\"attachment-full size-full wp-image-349175\" alt=\"\" \/>\t\t\t\t<div class=\"eihe-caption\">\r\n\t\t\t\t\t<div class=\"eihe-content-cover\" style=\"opacity: 0;\">\r\n\t\t\t\t\t\t<div class=\"content-title\"><h3>H\u00e1ztart\u00e1si \u00e9s mez\u0151gazdas\u00e1gi munk\u00e1k <\/h3><\/div>\r\n\t\t\t\t\t\t<div class=\"content-desc\"><p>F\u00e9nyk\u00e9pek a keny\u00e9rs\u00fct\u00e9sr\u0151l a h\u00e1zi kemenc\u00e9ben, a teken\u0151ben mos\u00e1sr\u00f3l, kukoricafoszt\u00e1sr\u00f3l, libap\u00e1sztorkod\u00e1sr\u00f3l, gyapj\u00fafon\u00e1sr\u00f3l ... <\/p><\/div>\r\n\t\t\t\t\t<\/div>\t\r\n\t\t\t\t\t\t\r\n\t\t\t\t<\/div>\r\n\t\t\t\t<div class=\"kamra-title-cover\">\r\n\t\t\t\t\t<h3 style=\"margin-bottom: unset;\">H\u00e1ztart\u00e1si \u00e9s mez\u0151gazdas\u00e1gi munk\u00e1k <\/h3>\r\n\t\t\t\t<\/div>\r\n\t\t\t<\/div>\r\n\t\t\t\t\t<\/a>\r\n\t\t\t\t\t\t<\/div>\n\t\t\t\t<\/div>\n\t\t\t\t\t<\/div>\n\t\t<\/div>\n\t\t\t\t<div class=\"elementor-column elementor-col-25 elementor-inner-column elementor-element elementor-element-e02ef90\" data-id=\"e02ef90\" data-element_type=\"column\" data-e-type=\"column\">\n\t\t\t<div class=\"elementor-widget-wrap elementor-element-populated\">\n\t\t\t\t\t\t<div class=\"elementor-element elementor-element-56c67a5 elementor-widget elementor-widget-e_image_hover_effects\" data-id=\"56c67a5\" data-element_type=\"widget\" data-e-type=\"widget\" data-widget_type=\"e_image_hover_effects.default\">\n\t\t\t\t<div class=\"elementor-widget-container\">\n\t\t\t\t\t\t\t\t<a href=\"\/kategoria-album\/munkahelyeken\/\">\r\n\t\t\t\t\t<div class=\"eihe-box\">\r\n\t\t\t\t<img loading=\"lazy\" decoding=\"async\" width=\"298\" height=\"238\" src=\"https:\/\/www.kamra.si\/wp-content\/uploads\/2022\/01\/na-delovnih-mestih-298x238-1.jpg\" class=\"attachment-full size-full wp-image-349176\" alt=\"\" \/>\t\t\t\t<div class=\"eihe-caption\">\r\n\t\t\t\t\t<div class=\"eihe-content-cover\" style=\"opacity: 0;\">\r\n\t\t\t\t\t\t<div class=\"content-title\"><h3>Munkahelyeken<\/h3><\/div>\r\n\t\t\t\t\t\t<div class=\"content-desc\"><p>Eml\u00e9kszik m\u00e9g a kiszolg\u00e1l\u00f3s \u00fczletekre, k\u00f6zleked\u00e9st ir\u00e1ny\u00edt\u00f3 rend\u0151r\u00f6kre, eserny\u0151jav\u00edt\u00f3kra? A szlov\u00e9n helys\u00e9gek urbaniz\u00e1ci\u00f3s v\u00e1ltoz\u00e1s\u00e1val megv\u00e1ltoztak a mesters\u00e9gek is: alig tal\u00e1lni cip\u00e9szt, \u00f3r\u00e1st vagy halkeresked\u0151t; szemfelszed\u0151, v\u00edzimoln\u00e1r vagy fej\u0151n\u0151 pedig m\u00e1r nincs is. Megv\u00e1ltozott a munka vil\u00e1ga a gy\u00e1rakban, bankokban, k\u00f6nyvt\u00e1rakban, \u00e9ttermekben, sz\u00e1llod\u00e1kban, k\u00f3rh\u00e1zakban ...<\/p><\/div>\r\n\t\t\t\t\t<\/div>\t\r\n\t\t\t\t\t\t\r\n\t\t\t\t<\/div>\r\n\t\t\t\t<div class=\"kamra-title-cover\">\r\n\t\t\t\t\t<h3 style=\"margin-bottom: unset;\">Munkahelyeken<\/h3>\r\n\t\t\t\t<\/div>\r\n\t\t\t<\/div>\r\n\t\t\t\t\t<\/a>\r\n\t\t\t\t\t\t<\/div>\n\t\t\t\t<\/div>\n\t\t\t\t\t<\/div>\n\t\t<\/div>\n\t\t\t\t<div class=\"elementor-column elementor-col-25 elementor-inner-column elementor-element elementor-element-c7eaf05\" data-id=\"c7eaf05\" data-element_type=\"column\" data-e-type=\"column\">\n\t\t\t<div class=\"elementor-widget-wrap elementor-element-populated\">\n\t\t\t\t\t\t<div class=\"elementor-element elementor-element-609df8a elementor-widget elementor-widget-e_image_hover_effects\" data-id=\"609df8a\" data-element_type=\"widget\" data-e-type=\"widget\" data-widget_type=\"e_image_hover_effects.default\">\n\t\t\t\t<div class=\"elementor-widget-container\">\n\t\t\t\t\t\t\t\t<a href=\"\/kategoria-album\/termeszeti-katasztrofak-es-szokatlan-idojaras\/\">\r\n\t\t\t\t\t<div class=\"eihe-box\">\r\n\t\t\t\t<img loading=\"lazy\" decoding=\"async\" width=\"298\" height=\"238\" src=\"https:\/\/www.kamra.si\/wp-content\/uploads\/2022\/01\/naravne-neserce-298x238-1.jpg\" class=\"attachment-full size-full wp-image-349177\" alt=\"\" \/>\t\t\t\t<div class=\"eihe-caption\">\r\n\t\t\t\t\t<div class=\"eihe-content-cover\" style=\"opacity: 0;\">\r\n\t\t\t\t\t\t<div class=\"content-title\"><h3>Term\u00e9szeti katasztr\u00f3f\u00e1k \u00e9s szokatlan id\u0151j\u00e1r\u00e1s<\/h3><\/div>\r\n\t\t\t\t\t\t<div class=\"content-desc\"><p>Szenved\u00e9s \u00e9s \u00f6sszefog\u00e1s \u00e1rvizek, f\u00f6ldreng\u00e9sek, asz\u00e1ly \u00e9s vihar idej\u00e9n; vid\u00e1ms\u00e1g, \u00f6r\u00f6m \u00e9s k\u00e1osz a behavazott parton; \u00e1tkel\u00e9s a befagyott Bledi tavon; behavazott h\u00e1zak ...<\/p><\/div>\r\n\t\t\t\t\t<\/div>\t\r\n\t\t\t\t\t\t\r\n\t\t\t\t<\/div>\r\n\t\t\t\t<div class=\"kamra-title-cover\">\r\n\t\t\t\t\t<h3 style=\"margin-bottom: unset;\">Term\u00e9szeti katasztr\u00f3f\u00e1k \u00e9s szokatlan id\u0151j\u00e1r\u00e1s<\/h3>\r\n\t\t\t\t<\/div>\r\n\t\t\t<\/div>\r\n\t\t\t\t\t<\/a>\r\n\t\t\t\t\t\t<\/div>\n\t\t\t\t<\/div>\n\t\t\t\t\t<\/div>\n\t\t<\/div>\n\t\t\t\t<div class=\"elementor-column elementor-col-25 elementor-inner-column elementor-element elementor-element-4d41cf7\" data-id=\"4d41cf7\" data-element_type=\"column\" data-e-type=\"column\">\n\t\t\t<div class=\"elementor-widget-wrap elementor-element-populated\">\n\t\t\t\t\t\t<div class=\"elementor-element elementor-element-584e77b elementor-widget elementor-widget-e_image_hover_effects\" data-id=\"584e77b\" data-element_type=\"widget\" data-e-type=\"widget\" data-widget_type=\"e_image_hover_effects.default\">\n\t\t\t\t<div class=\"elementor-widget-container\">\n\t\t\t\t\t\t\t\t<a href=\"\/kategoria-album\/szemelyes-evfordulok-nevezetes-csaladi-esemenyek\/\">\r\n\t\t\t\t\t<div class=\"eihe-box\">\r\n\t\t\t\t<img loading=\"lazy\" decoding=\"async\" width=\"298\" height=\"238\" src=\"https:\/\/www.kamra.si\/wp-content\/uploads\/2022\/01\/osebni-jubileji-298x238-1.jpg\" class=\"attachment-full size-full wp-image-349178\" alt=\"\" \/>\t\t\t\t<div class=\"eihe-caption\">\r\n\t\t\t\t\t<div class=\"eihe-content-cover\" style=\"opacity: 0;\">\r\n\t\t\t\t\t\t<div class=\"content-title\"><h3>Szem\u00e9lyes \u00e9vfordul\u00f3k, nevezetes csal\u00e1di esem\u00e9nyek<\/h3><\/div>\r\n\t\t\t\t\t\t<div class=\"content-desc\"><p>A csal\u00e1di f\u00e9nyk\u00e9pek h\u0171en r\u00f6gz\u00edtik a felcsepered\u00e9s \u00e9s feln\u0151tt\u00e9 v\u00e1l\u00e1s nevezetes pillanatait. Sz\u00fclet\u00e9snapok, \u00e9retts\u00e9gi, eljegyz\u00e9s, katonas\u00e1g \u00e9s esk\u00fcv\u0151: az \u00fcnnepl\u00e9s mik\u00e9ntje is megv\u00e1ltozik a t\u00e1rsadalmi v\u00e1ltoz\u00e1sokkal.<\/p><\/div>\r\n\t\t\t\t\t<\/div>\t\r\n\t\t\t\t\t\t\r\n\t\t\t\t<\/div>\r\n\t\t\t\t<div class=\"kamra-title-cover\">\r\n\t\t\t\t\t<h3 style=\"margin-bottom: unset;\">Szem\u00e9lyes \u00e9vfordul\u00f3k, nevezetes csal\u00e1di esem\u00e9nyek<\/h3>\r\n\t\t\t\t<\/div>\r\n\t\t\t<\/div>\r\n\t\t\t\t\t<\/a>\r\n\t\t\t\t\t\t<\/div>\n\t\t\t\t<\/div>\n\t\t\t\t\t<\/div>\n\t\t<\/div>\n\t\t\t\t\t<\/div>\n\t\t<\/section>\n\t\t\t\t<section class=\"elementor-section elementor-inner-section elementor-element elementor-element-390992c elementor-section-full_width elementor-section-height-default elementor-section-height-default\" data-id=\"390992c\" data-element_type=\"section\" data-e-type=\"section\">\n\t\t\t\t\t\t<div class=\"elementor-container elementor-column-gap-default\">\n\t\t\t\t\t<div class=\"elementor-column elementor-col-25 elementor-inner-column elementor-element elementor-element-9d63e3d\" data-id=\"9d63e3d\" data-element_type=\"column\" data-e-type=\"column\">\n\t\t\t<div class=\"elementor-widget-wrap elementor-element-populated\">\n\t\t\t\t\t\t<div class=\"elementor-element elementor-element-7478ebc elementor-widget elementor-widget-e_image_hover_effects\" data-id=\"7478ebc\" data-element_type=\"widget\" data-e-type=\"widget\" data-widget_type=\"e_image_hover_effects.default\">\n\t\t\t\t<div class=\"elementor-widget-container\">\n\t\t\t\t\t\t\t\t<a href=\"\/kategoria-album\/sport-3\/\">\r\n\t\t\t\t\t<div class=\"eihe-box\">\r\n\t\t\t\t<img loading=\"lazy\" decoding=\"async\" width=\"298\" height=\"238\" src=\"https:\/\/www.kamra.si\/wp-content\/uploads\/2022\/01\/sport-298x238-1.jpg\" class=\"attachment-full size-full wp-image-349167\" alt=\"\" \/>\t\t\t\t<div class=\"eihe-caption\">\r\n\t\t\t\t\t<div class=\"eihe-content-cover\" style=\"opacity: 0;\">\r\n\t\t\t\t\t\t<div class=\"content-title\"><h3>Sport<\/h3><\/div>\r\n\t\t\t\t\t\t<div class=\"content-desc\"><p>S\u00edz\u00e9s, vitorl\u00e1z\u00e1s, ejt\u0151erny\u0151z\u00e9s, labdar\u00fag\u00e1s, atl\u00e9tika, sakktorn\u00e1k ... A jellemform\u00e1l\u00f3d\u00e1s, csapatszellem \u00e9s b\u00fcszkes\u00e9g az er\u0151pr\u00f3b\u00e1k sor\u00e1n a sz\u0171kebb \u00e9s t\u00e1gabb k\u00f6z\u00f6ss\u00e9g \u00e9let\u00e9t is \u00e1thatja.<\/p><\/div>\r\n\t\t\t\t\t<\/div>\t\r\n\t\t\t\t\t\t\r\n\t\t\t\t<\/div>\r\n\t\t\t\t<div class=\"kamra-title-cover\">\r\n\t\t\t\t\t<h3 style=\"margin-bottom: unset;\">Sport<\/h3>\r\n\t\t\t\t<\/div>\r\n\t\t\t<\/div>\r\n\t\t\t\t\t<\/a>\r\n\t\t\t\t\t\t<\/div>\n\t\t\t\t<\/div>\n\t\t\t\t\t<\/div>\n\t\t<\/div>\n\t\t\t\t<div class=\"elementor-column elementor-col-25 elementor-inner-column elementor-element elementor-element-0884b6e\" data-id=\"0884b6e\" data-element_type=\"column\" data-e-type=\"column\">\n\t\t\t<div class=\"elementor-widget-wrap elementor-element-populated\">\n\t\t\t\t\t\t<div class=\"elementor-element elementor-element-f78db16 elementor-widget elementor-widget-e_image_hover_effects\" data-id=\"f78db16\" data-element_type=\"widget\" data-e-type=\"widget\" data-widget_type=\"e_image_hover_effects.default\">\n\t\t\t\t<div class=\"elementor-widget-container\">\n\t\t\t\t\t\t\t\t<a href=\"\/kategoria-album\/jatek-szabadido-rendezvenyek-unnepek\/\">\r\n\t\t\t\t\t<div class=\"eihe-box\">\r\n\t\t\t\t<img loading=\"lazy\" decoding=\"async\" width=\"298\" height=\"238\" src=\"https:\/\/www.kamra.si\/wp-content\/uploads\/2022\/01\/igre-prosti-cas-298x238-1.jpg\" class=\"attachment-full size-full wp-image-349173\" alt=\"\" \/>\t\t\t\t<div class=\"eihe-caption\">\r\n\t\t\t\t\t<div class=\"eihe-content-cover\" style=\"opacity: 0;\">\r\n\t\t\t\t\t\t<div class=\"content-title\"><h3>J\u00e1t\u00e9k, szabadid\u0151, rendezv\u00e9nyek, \u00fcnnepek<\/h3><\/div>\r\n\t\t\t\t\t\t<div class=\"content-desc\"><p>Gyerekek j\u00e1tszanak az utc\u00e1n, feln\u0151ttek k\u00e1rty\u00e1znak, sz\u00ednh\u00e1zl\u00e1togat\u00e1s, farsangi \u00f6r\u00f6mk\u00f6d\u00e9s, szilveszterez\u00e9s ... j\u00f3 \u00e9s kev\u00e9sb\u00e9 j\u00f3 id\u0151szakok.<\/p><\/div>\r\n\t\t\t\t\t<\/div>\t\r\n\t\t\t\t\t\t\r\n\t\t\t\t<\/div>\r\n\t\t\t\t<div class=\"kamra-title-cover\">\r\n\t\t\t\t\t<h3 style=\"margin-bottom: unset;\">J\u00e1t\u00e9k, szabadid\u0151, rendezv\u00e9nyek, \u00fcnnepek<\/h3>\r\n\t\t\t\t<\/div>\r\n\t\t\t<\/div>\r\n\t\t\t\t\t<\/a>\r\n\t\t\t\t\t\t<\/div>\n\t\t\t\t<\/div>\n\t\t\t\t\t<\/div>\n\t\t<\/div>\n\t\t\t\t<div class=\"elementor-column elementor-col-25 elementor-inner-column elementor-element elementor-element-7c9f00a\" data-id=\"7c9f00a\" data-element_type=\"column\" data-e-type=\"column\">\n\t\t\t<div class=\"elementor-widget-wrap elementor-element-populated\">\n\t\t\t\t\t\t<div class=\"elementor-element elementor-element-6ae0976 elementor-widget elementor-widget-e_image_hover_effects\" data-id=\"6ae0976\" data-element_type=\"widget\" data-e-type=\"widget\" data-widget_type=\"e_image_hover_effects.default\">\n\t\t\t\t<div class=\"elementor-widget-container\">\n\t\t\t\t\t\t\t\t<a href=\"\/kategoria-album\/ket-haza-szlovenek-a-vilagban-es-kulfoldon\/\">\r\n\t\t\t\t\t<div class=\"eihe-box\">\r\n\t\t\t\t<img loading=\"lazy\" decoding=\"async\" width=\"298\" height=\"238\" src=\"https:\/\/www.kamra.si\/wp-content\/uploads\/2022\/01\/po-svetu-298x238-1.jpg\" class=\"attachment-full size-full wp-image-349164\" alt=\"\" \/>\t\t\t\t<div class=\"eihe-caption\">\r\n\t\t\t\t\t<div class=\"eihe-content-cover\" style=\"opacity: 0;\">\r\n\t\t\t\t\t\t<div class=\"content-title\"><h3>K\u00e9t haza \u2013 szlov\u00e9nek a vil\u00e1gban \u00e9s k\u00fclf\u00f6ld\u00f6n<\/h3><\/div>\r\n\t\t\t\t\t\t<div class=\"content-desc\"><p>T\u00f6rt\u00e9netek nagy n\u00e9pv\u00e1ndorl\u00e1sokr\u00f3l \u00e9s szem\u00e9lyes d\u00f6nt\u00e9sekr\u0151l. T\u00f6rt\u00e9netek hozz\u00e1vet\u0151legesen meg\u00e1llap\u00edtott hat\u00e1rokr\u00f3l. A sz\u00fcl\u0151f\u00f6ld eml\u00e9kei. \u00c9let a sz\u00fcl\u0151haz\u00e1n k\u00edv\u00fcl.<\/p><\/div>\r\n\t\t\t\t\t<\/div>\t\r\n\t\t\t\t\t\t\r\n\t\t\t\t<\/div>\r\n\t\t\t\t<div class=\"kamra-title-cover\">\r\n\t\t\t\t\t<h3 style=\"margin-bottom: unset;\">K\u00e9t haza \u2013 szlov\u00e9nek a vil\u00e1gban \u00e9s k\u00fclf\u00f6ld\u00f6n<\/h3>\r\n\t\t\t\t<\/div>\r\n\t\t\t<\/div>\r\n\t\t\t\t\t<\/a>\r\n\t\t\t\t\t\t<\/div>\n\t\t\t\t<\/div>\n\t\t\t\t\t<\/div>\n\t\t<\/div>\n\t\t\t\t<div class=\"elementor-column elementor-col-25 elementor-inner-column elementor-element elementor-element-071de78\" data-id=\"071de78\" data-element_type=\"column\" data-e-type=\"column\">\n\t\t\t<div class=\"elementor-widget-wrap elementor-element-populated\">\n\t\t\t\t\t\t<div class=\"elementor-element elementor-element-3b07276 elementor-widget elementor-widget-e_image_hover_effects\" data-id=\"3b07276\" data-element_type=\"widget\" data-e-type=\"widget\" data-widget_type=\"e_image_hover_effects.default\">\n\t\t\t\t<div class=\"elementor-widget-container\">\n\t\t\t\t\t\t\t\t<a href=\"\/kategoria-album\/olvasas\/\">\r\n\t\t\t\t\t<div class=\"eihe-box\">\r\n\t\t\t\t<img loading=\"lazy\" decoding=\"async\" width=\"298\" height=\"238\" src=\"https:\/\/www.kamra.si\/wp-content\/uploads\/2022\/01\/branje-298x238-1.jpg\" class=\"attachment-full size-full wp-image-349171\" alt=\"\" \/>\t\t\t\t<div class=\"eihe-caption\">\r\n\t\t\t\t\t<div class=\"eihe-content-cover\" style=\"opacity: 0;\">\r\n\t\t\t\t\t\t<div class=\"content-title\"><h3>Olvas\u00e1s<\/h3><\/div>\r\n\t\t\t\t\t\t<div class=\"content-desc\"><p>K\u00f6nyv vagy \u00fajs\u00e1g olvas\u00e1sa, egyed\u00fcl vagy t\u00e1rsas\u00e1gban, padon, aut\u00f3buszon, munk\u00e1sgy\u0171l\u00e9sen, v\u00e1r\u00f3teremben, strandon, k\u00f6nyvt\u00e1rban; f\u00e9nyk\u00e9p az els\u0151 olvas\u00f3k\u00f6nyvr\u0151l, aj\u00e1nd\u00e9kk\u00f6nyv a sz\u00fclet\u00e9snapi torta mell\u00e9 ...<\/p><\/div>\r\n\t\t\t\t\t<\/div>\t\r\n\t\t\t\t\t\t\r\n\t\t\t\t<\/div>\r\n\t\t\t\t<div class=\"kamra-title-cover\">\r\n\t\t\t\t\t<h3 style=\"margin-bottom: unset;\">Olvas\u00e1s<\/h3>\r\n\t\t\t\t<\/div>\r\n\t\t\t<\/div>\r\n\t\t\t\t\t<\/a>\r\n\t\t\t\t\t\t<\/div>\n\t\t\t\t<\/div>\n\t\t\t\t\t<\/div>\n\t\t<\/div>\n\t\t\t\t\t<\/div>\n\t\t<\/section>\n\t\t\t\t<section class=\"elementor-section elementor-inner-section elementor-element elementor-element-cd16fb3 elementor-section-full_width elementor-section-height-default elementor-section-height-default\" data-id=\"cd16fb3\" data-element_type=\"section\" data-e-type=\"section\">\n\t\t\t\t\t\t<div class=\"elementor-container elementor-column-gap-default\">\n\t\t\t\t\t<div class=\"elementor-column elementor-col-25 elementor-inner-column elementor-element elementor-element-e2d56bd\" data-id=\"e2d56bd\" data-element_type=\"column\" data-e-type=\"column\">\n\t\t\t<div class=\"elementor-widget-wrap elementor-element-populated\">\n\t\t\t\t\t\t<div class=\"elementor-element elementor-element-93a0255 elementor-widget elementor-widget-e_image_hover_effects\" data-id=\"93a0255\" data-element_type=\"widget\" data-e-type=\"widget\" data-widget_type=\"e_image_hover_effects.default\">\n\t\t\t\t<div class=\"elementor-widget-container\">\n\t\t\t\t\t\t\t\t<a href=\"\/kategoria-album\/kirandulasok-es-vakaciozas-szloveniaban\/\">\r\n\t\t\t\t\t<div class=\"eihe-box\">\r\n\t\t\t\t<img loading=\"lazy\" decoding=\"async\" width=\"298\" height=\"238\" src=\"https:\/\/www.kamra.si\/wp-content\/uploads\/2022\/01\/izleti-298x238-1.jpg\" class=\"attachment-full size-full wp-image-349174\" alt=\"\" \/>\t\t\t\t<div class=\"eihe-caption\">\r\n\t\t\t\t\t<div class=\"eihe-content-cover\" style=\"opacity: 0;\">\r\n\t\t\t\t\t\t<div class=\"content-title\"><h3>Kir\u00e1ndul\u00e1sok \u00e9s vak\u00e1ci\u00f3z\u00e1s Szlov\u00e9ni\u00e1ban<\/h3><\/div>\r\n\t\t\t\t\t\t<div class=\"content-desc\"><p>\u201eAz a legeg\u00e9szs\u00e9gesebb \u00e9s legpihentet\u0151bb szabadid\u0151, amit az ember h\u00e1zon k\u00edv\u00fcl \u00e9s egyed\u00fcl t\u00f6lt el, csal\u00e1d \u00e9s bar\u00e1tok n\u00e9lk\u00fcl.\u201d \u2013 \u00edgy \u00edrt a \u201eCsal\u00e1d \u00e9s otthon\u201d 1935-ben. Igaz ez?<\/p><\/div>\r\n\t\t\t\t\t<\/div>\t\r\n\t\t\t\t\t\t\r\n\t\t\t\t<\/div>\r\n\t\t\t\t<div class=\"kamra-title-cover\">\r\n\t\t\t\t\t<h3 style=\"margin-bottom: unset;\">Kir\u00e1ndul\u00e1sok \u00e9s vak\u00e1ci\u00f3z\u00e1s Szlov\u00e9ni\u00e1ban<\/h3>\r\n\t\t\t\t<\/div>\r\n\t\t\t<\/div>\r\n\t\t\t\t\t<\/a>\r\n\t\t\t\t\t\t<\/div>\n\t\t\t\t<\/div>\n\t\t\t\t\t<\/div>\n\t\t<\/div>\n\t\t\t\t<div class=\"elementor-column elementor-col-25 elementor-inner-column elementor-element elementor-element-306ee5d\" data-id=\"306ee5d\" data-element_type=\"column\" data-e-type=\"column\">\n\t\t\t<div class=\"elementor-widget-wrap elementor-element-populated\">\n\t\t\t\t\t\t<div class=\"elementor-element elementor-element-06b097c elementor-widget elementor-widget-e_image_hover_effects\" data-id=\"06b097c\" data-element_type=\"widget\" data-e-type=\"widget\" data-widget_type=\"e_image_hover_effects.default\">\n\t\t\t\t<div class=\"elementor-widget-container\">\n\t\t\t\t\t\t\t\t<a href=\"\/kategoria-album\/hires-emberek\/\">\r\n\t\t\t\t\t<div class=\"eihe-box\">\r\n\t\t\t\t<img loading=\"lazy\" decoding=\"async\" width=\"298\" height=\"238\" src=\"https:\/\/www.kamra.si\/wp-content\/uploads\/2022\/01\/pomembne-osebnosti-298x238-1.jpg\" class=\"attachment-full size-full wp-image-349163\" alt=\"\" \/>\t\t\t\t<div class=\"eihe-caption\">\r\n\t\t\t\t\t<div class=\"eihe-content-cover\" style=\"opacity: 0;\">\r\n\t\t\t\t\t\t<div class=\"content-title\"><h3>H\u00edres emberek<\/h3><\/div>\r\n\t\t\t\t\t\t<div class=\"content-desc\"><p>F\u00e9nyk\u00e9pek haz\u00e1nkba l\u00e1togat\u00f3 h\u00edres k\u00f6zgazd\u00e1szokr\u00f3l, sz\u00edn\u00e9szekr\u0151l, politikusokr\u00f3l, \u00e9nekesekr\u0151l, egyh\u00e1zi m\u00e9lt\u00f3s\u00e1gokr\u00f3l; a r\u00f3mai p\u00e1pa, Reagan, Tito, Fidel Castro, Tina Turner ... (l\u00e1togasson el velem a m\u00faltba)<\/p><\/div>\r\n\t\t\t\t\t<\/div>\t\r\n\t\t\t\t\t\t\r\n\t\t\t\t<\/div>\r\n\t\t\t\t<div class=\"kamra-title-cover\">\r\n\t\t\t\t\t<h3 style=\"margin-bottom: unset;\">H\u00edres emberek<\/h3>\r\n\t\t\t\t<\/div>\r\n\t\t\t<\/div>\r\n\t\t\t\t\t<\/a>\r\n\t\t\t\t\t\t<\/div>\n\t\t\t\t<\/div>\n\t\t\t\t\t<\/div>\n\t\t<\/div>\n\t\t\t\t<div class=\"elementor-column elementor-col-25 elementor-inner-column elementor-element elementor-element-40efad9\" data-id=\"40efad9\" data-element_type=\"column\" data-e-type=\"column\">\n\t\t\t<div class=\"elementor-widget-wrap elementor-element-populated\">\n\t\t\t\t\t\t<div class=\"elementor-element elementor-element-c3cf535 elementor-widget elementor-widget-e_image_hover_effects\" data-id=\"c3cf535\" data-element_type=\"widget\" data-e-type=\"widget\" data-widget_type=\"e_image_hover_effects.default\">\n\t\t\t\t<div class=\"elementor-widget-container\">\n\t\t\t\t\t\t\t\t<a href=\"\/kategoria-album\/1-vilaghaboru\/\">\r\n\t\t\t\t\t<div class=\"eihe-box\">\r\n\t\t\t\t<img loading=\"lazy\" decoding=\"async\" width=\"298\" height=\"238\" src=\"https:\/\/www.kamra.si\/wp-content\/uploads\/2022\/01\/prva-vojna-298x238-1.jpg\" class=\"attachment-full size-full wp-image-349165\" alt=\"\" \/>\t\t\t\t<div class=\"eihe-caption\">\r\n\t\t\t\t\t<div class=\"eihe-content-cover\" style=\"opacity: 0;\">\r\n\t\t\t\t\t\t<div class=\"content-title\"><h3>1. Vil\u00e1gh\u00e1bor\u00fa<\/h3><\/div>\r\n\t\t\t\t\t\t<div class=\"content-desc\"><p>A nagy h\u00e1bor\u00fa szem\u00e9lyes eml\u00e9keit lassan elnyeli a feled\u00e9s hom\u00e1lya. A nagysz\u00fcl\u0151knek azonban m\u00e9g esz\u00e9be juthat egy s m\u00e1s a csal\u00e1di f\u00e9nyk\u00e9pek n\u00e9zeget\u00e9sekor.<\/p><\/div>\r\n\t\t\t\t\t<\/div>\t\r\n\t\t\t\t\t\t\r\n\t\t\t\t<\/div>\r\n\t\t\t\t<div class=\"kamra-title-cover\">\r\n\t\t\t\t\t<h3 style=\"margin-bottom: unset;\">1. Vil\u00e1gh\u00e1bor\u00fa<\/h3>\r\n\t\t\t\t<\/div>\r\n\t\t\t<\/div>\r\n\t\t\t\t\t<\/a>\r\n\t\t\t\t\t\t<\/div>\n\t\t\t\t<\/div>\n\t\t\t\t\t<\/div>\n\t\t<\/div>\n\t\t\t\t<div class=\"elementor-column elementor-col-25 elementor-inner-column elementor-element elementor-element-216e1f6\" data-id=\"216e1f6\" data-element_type=\"column\" data-e-type=\"column\">\n\t\t\t<div class=\"elementor-widget-wrap elementor-element-populated\">\n\t\t\t\t\t\t<div class=\"elementor-element elementor-element-5397e68 elementor-widget elementor-widget-e_image_hover_effects\" data-id=\"5397e68\" data-element_type=\"widget\" data-e-type=\"widget\" data-widget_type=\"e_image_hover_effects.default\">\n\t\t\t\t<div class=\"elementor-widget-container\">\n\t\t\t\t\t\t\t\t<a href=\"\/kategoria-album\/2-vilaghaboru\/\">\r\n\t\t\t\t\t<div class=\"eihe-box\">\r\n\t\t\t\t<img loading=\"lazy\" decoding=\"async\" width=\"298\" height=\"238\" src=\"https:\/\/www.kamra.si\/wp-content\/uploads\/2022\/01\/druga-vojna-298x238-1.jpg\" class=\"attachment-full size-full wp-image-349172\" alt=\"\" \/>\t\t\t\t<div class=\"eihe-caption\">\r\n\t\t\t\t\t<div class=\"eihe-content-cover\" style=\"opacity: 0;\">\r\n\t\t\t\t\t\t<div class=\"content-title\"><h3>2. Vil\u00e1gh\u00e1bor\u00fa<\/h3><\/div>\r\n\t\t\t\t\t\t<div class=\"content-desc\"><p>F\u00e9lelem \u00e9s b\u00e1tors\u00e1g sug\u00e1rzik egy m\u00e1sik h\u00e1bor\u00fa dokumentumaib\u00f3l, az egyik vagy m\u00e1sik f\u00e9l szempontj\u00e1b\u00f3l.<\/p><\/div>\r\n\t\t\t\t\t<\/div>\t\r\n\t\t\t\t\t\t\r\n\t\t\t\t<\/div>\r\n\t\t\t\t<div class=\"kamra-title-cover\">\r\n\t\t\t\t\t<h3 style=\"margin-bottom: unset;\">2. Vil\u00e1gh\u00e1bor\u00fa<\/h3>\r\n\t\t\t\t<\/div>\r\n\t\t\t<\/div>\r\n\t\t\t\t\t<\/a>\r\n\t\t\t\t\t\t<\/div>\n\t\t\t\t<\/div>\n\t\t\t\t\t<\/div>\n\t\t<\/div>\n\t\t\t\t\t<\/div>\n\t\t<\/section>\n\t\t\t\t<div class=\"elementor-element elementor-element-1aaf736 elementor-widget elementor-widget-text-editor\" data-id=\"1aaf736\" data-element_type=\"widget\" data-e-type=\"widget\" data-widget_type=\"text-editor.default\">\n\t\t\t\t<div class=\"elementor-widget-container\">\n\t\t\t\t\t\t\t\t\t<div class=\"content\" style=\"display: none;\">\n   <p>Dvajseto stoletje so zaznamovale katastrofalne vojne in ideolo\u0161ki spopadi, pa tudi nove ideje in nove oblike sodelovanja. Tiso\u010de slovenskih zgodb, kulturnih, dru\u017ebenih, politi\u010dnih, urbanih, arhitekturnih in tehnolo\u0161kih sprememb, osebnih in kolektivnih do\u017eivetij se je medtem prepletalo v nov obraz Slovenije enaindvajsetega stoletja.<\/p>\n   <p>Dana\u0161nji hitri in povr\u0161ni \u010das terja, da svojo preteklost ponovno o\u017eivimo in bolje spoznamo. Zlasti v Sloveniji, na sti\u010di\u0161\u010du razli\u010dnih svetov in kultur je pomembno, da spoznavamo svoje korenine ter zgodovino svoje dru\u017ebene, gospodarske in kulturne rasti.\n   Digitalna zbirka uporabnikov sledi temu cilju; namenjena je zbiranju digitalnih kopij fotografij, shranjenih v dru\u017einskih albumih, pa tudi pisem, dokumentov in ostalih predmetov, ki jih prebivalci Slovenije, zamejci in izseljenci skrbno hranimo na svojih podstre\u0161jih.<\/p>\n   <p>Album Slovenije zajema gradivo, nastalo na obmo\u010dju Slovenije, zamejstva in Slovencev v svetu, do obdobja digitalne fotografije.<\/p>\n   <h2>Dodajte va\u0161 spomin!<\/h2>\n   <p>Da spomini ne bi ostali le osebni, da se ne bi porazgubili, vas splo\u0161ne knji\u017enice vabimo k prispevanju v Album Slovenije, zakladnico spominov 20. stoletja. Postopek je preprost; izberite menijski razdelek \u201cDodaj spomin\u201d in v modul za dodajanje vsebin vnesite digitaliziran predmet (fotografijo, pismo, ipd.), ki ga \u017eelite deliti. Vne\u0161enemu predmetu dodajte \u0161e osnovne podatke za njegov opis (npr. ali gre za fotografijo, pismo ipd.) in pripi\u0161ite va\u0161e spomine (npr. ob kak\u0161ni prilo\u017enosti je bila fotografija posneta, zakaj je za vas pomembna, kdo je na fotografiji oz. kar bi v povezavi z osebo, objektom, \u010dasom ali krajem na fotografiji \u017eeleli izpostavili). Oddano gradivo bo po pregledu urednika objavljeno na spletu.<\/p>\n   <p>Za dodajanje spominov v Album Slovenije se je potrebno predhodno prijaviti, \u010de ste registrirani, oz. izvesti registracijo (samo enkrat).<\/p>\n   <p><strong>Priprava dokumentov in fotografij za oddajo v Album Slovenije<\/strong><\/p>\n   <p>Priporo\u010damo, da je slikovno gradivo shranjeno v .jpg formatu. Priporo\u010dena velikost slikovnega materiala je 1024 pik po dalj\u0161i stranici.<\/p>\n   <p><strong>Seznam podprtih formatov:<\/strong><\/p>\n   <p>Slikovno gradivo: .jpg, .png (za fotografije priporo\u010damo .jpg, za ostalo slikovno gradivo pa .png.\n   \u010ce imate te\u017eave, jih prosim \u010dim bolj natan\u010dno opi\u0161ite in po\u0161ljite na elektronski naslov <a href=\"mailto:albumslovenije@kamra.si\">albumslovenije@kamra.si<\/a>.<\/p>\n<\/div>\t\t\t\t\t\t\t\t<\/div>\n\t\t\t\t<\/div>\n\t\t\t\t\t<\/div>\n\t\t<\/div>\n\t\t\t\t\t<\/div>\n\t\t<\/section>\n\t\t\t\t<\/div>\n\t\t","protected":false},"excerpt":{"rendered":"<p>Minden tematikus gy\u0171jtem\u00e9ny Archive Archive Szlov\u00e9n otthonok technikai felszerelts\u00e9ge Els\u0151 telefon, r\u00e1di\u00f3, mos\u00f3g\u00e9p, sz\u00ednes \u00fcveg a fekete-feh\u00e9r TV el\u0151tt, &#8230; A h\u00edrk\u00f6zl\u0151 eszk\u00f6z\u00f6k, sz\u00e1m\u00edt\u00f3g\u00e9pek, h\u00e1ztart\u00e1si g\u00e9pek \u00e9s egy\u00e9b m\u0171szaki eszk\u00f6z\u00f6k lassan, de folyamatosan vonultak be otthonainkba \u00e9s \u00f6r\u00f6kre megv\u00e1ltoztatt\u00e1k a szlov\u00e9n csal\u00e1dok tipikus k\u00e9p\u00e9t. Szlov\u00e9n otthonok technikai felszerelts\u00e9ge K\u00f6zleked\u00e9si eszk\u00f6z\u00f6n vagy gyalog A 60-as \u00e9vekig [&hellip;]<\/p>\n","protected":false},"author":2,"featured_media":0,"parent":0,"menu_order":0,"comment_status":"closed","ping_status":"closed","template":"elementor_header_footer","meta":{"_acf_changed":false,"footnotes":""},"class_list":["post-401221","page","type-page","status-publish","hentry"],"acf":[],"_links":{"self":[{"href":"https:\/\/www.kamra.si\/hu\/wp-json\/wp\/v2\/pages\/401221","targetHints":{"allow":["GET"]}}],"collection":[{"href":"https:\/\/www.kamra.si\/hu\/wp-json\/wp\/v2\/pages"}],"about":[{"href":"https:\/\/www.kamra.si\/hu\/wp-json\/wp\/v2\/types\/page"}],"author":[{"embeddable":true,"href":"https:\/\/www.kamra.si\/hu\/wp-json\/wp\/v2\/users\/2"}],"replies":[{"embeddable":true,"href":"https:\/\/www.kamra.si\/hu\/wp-json\/wp\/v2\/comments?post=401221"}],"version-history":[{"count":10,"href":"https:\/\/www.kamra.si\/hu\/wp-json\/wp\/v2\/pages\/401221\/revisions"}],"predecessor-version":[{"id":401399,"href":"https:\/\/www.kamra.si\/hu\/wp-json\/wp\/v2\/pages\/401221\/revisions\/401399"}],"wp:attachment":[{"href":"https:\/\/www.kamra.si\/hu\/wp-json\/wp\/v2\/media?parent=401221"}],"curies":[{"name":"wp","href":"https:\/\/api.w.org\/{rel}","templated":true}]}}