{"id":349260,"date":"2022-01-05T14:25:00","date_gmt":"2022-01-05T13:25:00","guid":{"rendered":"https:\/\/www.kamra.si\/o-albumu-slovenije\/"},"modified":"2025-09-16T10:31:55","modified_gmt":"2025-09-16T08:31:55","slug":"rol-album-szlovenia","status":"publish","type":"page","link":"https:\/\/www.kamra.si\/hu\/rol-album-szlovenia\/","title":{"rendered":"Album \u2013 Szlov\u00e9nia"},"content":{"rendered":"\t\t<div data-elementor-type=\"wp-page\" data-elementor-id=\"349260\" class=\"elementor elementor-349260 elementor-30075\" data-elementor-post-type=\"page\">\n\t\t\t\t\t\t<section class=\"elementor-section elementor-top-section elementor-element elementor-element-ff85142 elementor-section-boxed elementor-section-height-default elementor-section-height-default\" data-id=\"ff85142\" data-element_type=\"section\" data-e-type=\"section\">\n\t\t\t\t\t\t<div class=\"elementor-container elementor-column-gap-default\">\n\t\t\t\t\t<div class=\"elementor-column elementor-col-100 elementor-top-column elementor-element elementor-element-7d5a545\" data-id=\"7d5a545\" data-element_type=\"column\" data-e-type=\"column\" data-settings=\"{&quot;background_background&quot;:&quot;classic&quot;}\">\n\t\t\t<div class=\"elementor-widget-wrap elementor-element-populated\">\n\t\t\t\t\t\t<div class=\"elementor-element elementor-element-ee1d561 elementor-widget elementor-widget-text-editor\" data-id=\"ee1d561\" data-element_type=\"widget\" data-e-type=\"widget\" data-widget_type=\"text-editor.default\">\n\t\t\t\t<div class=\"elementor-widget-container\">\n\t\t\t\t\t\t\t\t\t<div class=\"top-section\"><div class=\"top-section-title\"><h1>Album \u2013 Szlov\u00e9nia<\/h1><\/div><div class=\"top-section-button\"><a class=\"vce-button vce-action-link\" href=\"\/hu\/prispevaj-vsebino-albuma-slovenije\/\">Eml\u00e9k hozz\u00e1ad\u00e1sa<\/a><\/div><\/div>\t\t\t\t\t\t\t\t<\/div>\n\t\t\t\t<\/div>\n\t\t\t\t<div class=\"elementor-element elementor-element-3d00be7 elementor-widget elementor-widget-text-editor\" data-id=\"3d00be7\" data-element_type=\"widget\" data-e-type=\"widget\" data-widget_type=\"text-editor.default\">\n\t\t\t\t<div class=\"elementor-widget-container\">\n\t\t\t\t\t\t\t\t\t<p>A t\u00f6rt\u00e9nelem mi vagyunk. A t\u00f6rt\u00e9nelmet a t\u00f6rt\u00e9n\u00e9szek \u00edrj\u00e1k, de mi \u00e9lj\u00fck meg \u00e9s vesz\u00fcnk r\u00e9szt l\u00e9trej\u00f6tt\u00e9ben, s ez\u00e9rt eml\u00e9keink k\u00f6zre ad\u00e1sa nagyon fontos a t\u00f6rt\u00e9nelem r\u00f6gz\u00edt\u00e9s\u00e9hez \u00e9s \u00e9rt\u00e9kel\u00e9s\u00e9hez. Az Album \u2013 Szlov\u00e9nia digit\u00e1lis m\u00e1solatokat gy\u0171jt a csal\u00e1di albumokban t\u00e1rolt f\u00e9nyk\u00e9pekr\u0151l, levelekr\u0151l, dokumentumokr\u00f3l \u00e9s egy\u00e9b anyagokr\u00f3l, amelyeket a sz\u00fcl\u0151haz\u00e1ban \u00e9l\u0151 vagy k\u00fclf\u00f6ldre szakadt szlov\u00e9nek gondosan \u0151rizgetnek a fi\u00f3kokban, padl\u00e1son stb. Hogy ne maradjanak szem\u00e9lyesek \u00e9s ne vesszenek el ezek az eml\u00e9kek, k\u00e9r\u00fcnk mindenkit, hogy ossz\u00e1k meg \u0151ket k\u00f6z\u00f6s eml\u00e9kt\u00e1runkban.<\/p><p>A 20. sz\u00e1zad egyidej\u0171leg volt a katasztrof\u00e1lis h\u00e1bor\u00fak \u00e9s ideol\u00f3giai konfliktusok, valamint az \u00faj gondolatok \u00e9s \u00faj egy\u00fcttm\u0171k\u00f6d\u00e9si form\u00e1k \u00e9vsz\u00e1zada. Szlov\u00e9nia 21. sz\u00e1zadi jelen\u00e9ben egym\u00e1sba fon\u00f3dik milli\u00f3 szlov\u00e9n t\u00f6rt\u00e9net, sz\u00e1mtalan kultur\u00e1lis, t\u00e1rsadalmi, politikai, urbanisztikai, \u00e9p\u00edt\u00e9szeti \u00e9s m\u0171szaki v\u00e1ltoz\u00e1s, szem\u00e9lyes \u00e9s kollekt\u00edv \u00e9lm\u00e9ny. Gyors \u00e9s fel\u00fcletes \u00e9let\u00fcnk ellens\u00falyoz\u00e1s\u00e1ra fel kell \u00e9leszten\u00fcnk \u00e9s jobban meg kell ismern\u00fcnk m\u00faltunkat. K\u00fcl\u00f6n\u00f6sen Szlov\u00e9ni\u00e1ban, a k\u00fcl\u00f6nb\u00f6z\u0151 vil\u00e1gok \u00e9s kult\u00far\u00e1k tal\u00e1lkoz\u00e1si pontj\u00e1ban, fontos megismern\u00fcnk t\u00e1rsadalmi, gazdas\u00e1gi \u00e9s kultur\u00e1lis fejl\u0151d\u00e9s\u00fcnk gy\u00f6kereit \u00e9s t\u00f6rt\u00e9net\u00e9t.<\/p><p>Az Album \u2013 Szlov\u00e9nia ezt a c\u00e9lt szolg\u00e1lja: digit\u00e1lis m\u00e1solatokat gy\u0171jt a csal\u00e1di albumokban t\u00e1rolt f\u00e9nyk\u00e9pekr\u0151l, levelekr\u0151l, dokumentumokr\u00f3l \u00e9s egy\u00e9b anyagokr\u00f3l, amelyeket a sz\u00fcl\u0151haz\u00e1ban \u00e9l\u0151 vagy k\u00fclf\u00f6ldre szakadt szlov\u00e9nek gondosan \u0151rizgetnek a fi\u00f3kokban, padl\u00e1son stb. Az Album \u2013 Szlov\u00e9nia a digit\u00e1lis f\u00e9nyk\u00e9pez\u00e9s megjelen\u00e9se el\u0151tt Szlov\u00e9ni\u00e1ban, a k\u00f6rnyez\u0151 orsz\u00e1gokban \u00e9s a diaszp\u00f3r\u00e1ban keletkezett anyagokat gy\u0171jti.<\/p><h2>K\u00fcldje be \u00d6n is eml\u00e9keit!<\/h2><p>Hogy ne maradjanak szem\u00e9lyesek \u00e9s ne vesszenek el ezek a 20. sz\u00e1zadi eml\u00e9kek, k\u00e9r\u00fcnk mindenkit, hogy ossz\u00e1k meg \u0151ket k\u00f6z\u00f6s eml\u00e9kt\u00e1runkban. Az elj\u00e1r\u00e1s maga az egyszer\u0171s\u00e9g: v\u00e1lassza ki az \u201eEml\u00e9k hozz\u00e1ad\u00e1sa\u201d men\u00fcpontot \u00e9s t\u00f6ltse a felt\u00f6lt\u0151 modulba a megosztani k\u00edv\u00e1nt digitaliz\u00e1lt anyagot (f\u00e9nyk\u00e9pet, levelet stb.). \u00cdrja hozz\u00e1, hogy milyen jelleg\u0171 az anyag (pl. f\u00e9nyk\u00e9p, lev\u00e9l stb.), \u00e9s milyen eml\u00e9kei f\u0171z\u0151dnek hozz\u00e1 (pl. milyen alkalomb\u00f3l k\u00e9sz\u00fclt a f\u00e9nyk\u00e9p, mi\u00e9rt tartja fontosnak, ki k\u00e9sz\u00edtette a f\u00e9nyk\u00e9pet, mit tud m\u00e9g az \u00e9rintett szem\u00e9ly(ek)r\u0151l, t\u00e9m\u00e1r\u00f3l, id\u0151pontr\u00f3l vagy helyr\u0151l). A felt\u00f6lt\u00f6tt anyagok k\u00f6z\u00fcl szerkeszt\u0151s\u00e9g\u00fcnk kiv\u00e1lasztja a k\u00f6zz\u00e9teend\u0151ket.<\/p><p>Anyagai felt\u00f6lt\u00e9s\u00e9hez be kell jelentkeznie, ha m\u00e1r regisztr\u00e1lt az Album \u2013 Szlov\u00e9nia oldalon, illetve regisztr\u00e1lnia kell (csak egyszer), ha m\u00e9g nem tette ezt meg.<\/p><p><strong>A dokumentumok \u00e9s f\u00e9nyk\u00e9pek el\u0151k\u00e9sz\u00edt\u00e9se az Album \u2013 Szlov\u00e9nia oldalon val\u00f3 k\u00f6zz\u00e9t\u00e9telre<\/strong><br \/>Javasoljuk a f\u00e9nyk\u00e9pek .jpg form\u00e1tumban val\u00f3 elment\u00e9s\u00e9t. Javasoljuk tov\u00e1bb\u00e1, hogy a k\u00e9pm\u00e9ret legyen 1024 k\u00e9ppont a hosszabb oldal ment\u00e9n.<\/p><p><strong>Elfogadhat\u00f3 form\u00e1tumok:<\/strong><br \/>A k\u00e9peket .jpg \u00e9s .png form\u00e1tumban v\u00e1rjuk (f\u00e9nyk\u00e9pekre javasoljuk a .jpg form\u00e1tumot, egy\u00e9b anyagokra a .png form\u00e1tumot).<\/p><p>Ha k\u00e9rd\u00e9se vagy gondja van, \u00edrja le min\u00e9l pontosabban \u00e9s k\u00fcldje el a k\u00f6vetkez\u0151 c\u00edm\u00fcnkre: <a href=\"mailto:albumslovenije@kamra.si\">albumslovenije@kamra.si<\/a>.<\/p>\t\t\t\t\t\t\t\t<\/div>\n\t\t\t\t<\/div>\n\t\t\t\t\t<\/div>\n\t\t<\/div>\n\t\t\t\t\t<\/div>\n\t\t<\/section>\n\t\t\t\t<\/div>\n\t\t","protected":false},"excerpt":{"rendered":"<p>Album \u2013 Szlov\u00e9nia Eml\u00e9k hozz\u00e1ad\u00e1sa A t\u00f6rt\u00e9nelem mi vagyunk. A t\u00f6rt\u00e9nelmet a t\u00f6rt\u00e9n\u00e9szek \u00edrj\u00e1k, de mi \u00e9lj\u00fck meg \u00e9s vesz\u00fcnk r\u00e9szt l\u00e9trej\u00f6tt\u00e9ben, s ez\u00e9rt eml\u00e9keink k\u00f6zre ad\u00e1sa nagyon fontos a t\u00f6rt\u00e9nelem r\u00f6gz\u00edt\u00e9s\u00e9hez \u00e9s \u00e9rt\u00e9kel\u00e9s\u00e9hez. Az Album \u2013 Szlov\u00e9nia digit\u00e1lis m\u00e1solatokat gy\u0171jt a csal\u00e1di albumokban t\u00e1rolt f\u00e9nyk\u00e9pekr\u0151l, levelekr\u0151l, dokumentumokr\u00f3l \u00e9s egy\u00e9b anyagokr\u00f3l, amelyeket a sz\u00fcl\u0151haz\u00e1ban \u00e9l\u0151 [&hellip;]<\/p>\n","protected":false},"author":2,"featured_media":0,"parent":0,"menu_order":0,"comment_status":"closed","ping_status":"closed","template":"elementor_header_footer","meta":{"_acf_changed":false,"footnotes":""},"class_list":["post-349260","page","type-page","status-publish","hentry"],"acf":[],"_links":{"self":[{"href":"https:\/\/www.kamra.si\/hu\/wp-json\/wp\/v2\/pages\/349260","targetHints":{"allow":["GET"]}}],"collection":[{"href":"https:\/\/www.kamra.si\/hu\/wp-json\/wp\/v2\/pages"}],"about":[{"href":"https:\/\/www.kamra.si\/hu\/wp-json\/wp\/v2\/types\/page"}],"author":[{"embeddable":true,"href":"https:\/\/www.kamra.si\/hu\/wp-json\/wp\/v2\/users\/2"}],"replies":[{"embeddable":true,"href":"https:\/\/www.kamra.si\/hu\/wp-json\/wp\/v2\/comments?post=349260"}],"version-history":[{"count":32,"href":"https:\/\/www.kamra.si\/hu\/wp-json\/wp\/v2\/pages\/349260\/revisions"}],"predecessor-version":[{"id":401396,"href":"https:\/\/www.kamra.si\/hu\/wp-json\/wp\/v2\/pages\/349260\/revisions\/401396"}],"wp:attachment":[{"href":"https:\/\/www.kamra.si\/hu\/wp-json\/wp\/v2\/media?parent=349260"}],"curies":[{"name":"wp","href":"https:\/\/api.w.org\/{rel}","templated":true}]}}